{"id":13270,"date":"2025-12-12T08:44:19","date_gmt":"2025-12-12T07:44:19","guid":{"rendered":"https:\/\/prototal.info\/hallbarhet-esg\/"},"modified":"2026-04-08T09:49:39","modified_gmt":"2026-04-08T07:49:39","slug":"esg","status":"publish","type":"page","link":"https:\/\/prototal.info\/se\/esg\/","title":{"rendered":"H\u00e5llbarhet (ESG)"},"content":{"rendered":"\n<div class=\"wp-block-group alignfull has-light-blue-background-color has-background is-layout-constrained wp-container-core-group-is-layout-a47e864c wp-block-group-is-layout-constrained\" style=\"padding-top:var(--wp--preset--spacing--80);padding-right:var(--wp--preset--spacing--50);padding-bottom:var(--wp--preset--spacing--80);padding-left:var(--wp--preset--spacing--50)\"><div id=\"block_ec07efdc73ad575eec66a785da1c9f01\" class=\"prototal-subsite-hero alignwide\">\n    <div class=\"prototal-subsite-hero-inner\">\n        <div class=\"prototal-subsite-hero-left\">\n            <div class=\"acf-innerblocks-container\">\n\n<h1 class=\"wp-block-heading\" style=\"margin-top:0\">Ansvarsfull produktion. Industriell p\u00e5verkan.Responsible Production. Industrial Impact. <\/h1>\n\n\n\n<p>P\u00e5 Prototal integrerar vi h\u00e5llbarhet i k\u00e4rnan av v\u00e5ra additiva tillverkningsprocesser och s\u00e4kerst\u00e4ller att innovation och milj\u00f6ansvar g\u00e5r hand i hand.<\/p>\n\n\n\n<div class=\"wp-block-buttons is-layout-flex wp-block-buttons-is-layout-flex\">\n<div class=\"wp-block-button\"><a class=\"wp-block-button__link wp-element-button\" href=\"https:\/\/prototal.info\/app\/uploads\/2026\/03\/sustainability-report-2024.pdf\">Senaste h\u00e5llbarhetsrapporten<\/a><\/div>\n<\/div>\n\n<\/div>\n        <\/div>\n        <div class=\"prototal-subsite-hero-right\">\n                            <figure class=\"large-image\">\n                    <img loading=\"lazy\" decoding=\"async\" width=\"1600\" height=\"1200\" src=\"https:\/\/prototal.info\/app\/uploads\/2025\/12\/sustainability_2.avif\" class=\"attachment-full size-full\" alt=\"\" srcset=\"https:\/\/prototal.info\/app\/uploads\/2025\/12\/sustainability_2.avif 1600w, https:\/\/prototal.info\/app\/uploads\/2025\/12\/sustainability_2-300x225.avif 300w, https:\/\/prototal.info\/app\/uploads\/2025\/12\/sustainability_2-1024x768.avif 1024w, https:\/\/prototal.info\/app\/uploads\/2025\/12\/sustainability_2-768x576.avif 768w, https:\/\/prototal.info\/app\/uploads\/2025\/12\/sustainability_2-1536x1152.avif 1536w\" sizes=\"auto, (max-width: 1600px) 100vw, 1600px\" \/>                <\/figure>\n                                        <figure class=\"small-image\">\n                    <img loading=\"lazy\" decoding=\"async\" width=\"800\" height=\"450\" src=\"https:\/\/prototal.info\/app\/uploads\/2025\/12\/16-9-proudtotal.avif\" class=\"attachment-full size-full not-transparent\" alt=\"\" srcset=\"https:\/\/prototal.info\/app\/uploads\/2025\/12\/16-9-proudtotal.avif 800w, https:\/\/prototal.info\/app\/uploads\/2025\/12\/16-9-proudtotal-300x169.avif 300w, https:\/\/prototal.info\/app\/uploads\/2025\/12\/16-9-proudtotal-768x432.avif 768w\" sizes=\"auto, (max-width: 800px) 100vw, 800px\" data-has-transparency=\"false\" data-dominant-color=\"ba8fa6\" style=\"--dominant-color: #ba8fa6;\" \/>                <\/figure>\n                    <\/div>\n    <\/div>\n<\/div>\n\n<\/div>\n\n<div style=\"height:175px\" aria-hidden=\"true\" class=\"wp-block-spacer\"><\/div>\n\n<div class=\"wp-block-group strategic-block is-layout-constrained wp-block-group-is-layout-constrained\">\n<div class=\"wp-block-columns alignwide is-layout-flex wp-container-core-columns-is-layout-14cf5ab5 wp-block-columns-is-layout-flex\">\n<div class=\"wp-block-column is-vertically-aligned-stretch is-layout-flow wp-block-column-is-layout-flow\">\n<h3 class=\"wp-block-heading\"><br \/><br \/>Socialt och milj\u00f6m\u00e4ssigt ansvar<\/h3>\n\n\n\n<p>V\u00e5rt m\u00e5l \u00e4r att uppn\u00e5 nettopositiv p\u00e5verkan i v\u00e5r produktion och leveranskedja senast 2030.<\/p>\n\n\n\n<h4 class=\"wp-block-heading\">Strategiska m\u00e5l<\/h4>\n\n\n\n<ul class=\"wp-block-list\">\n<li>Material med reducerat koldioxidavtryck: \u00d6ka anv\u00e4ndningen av biobaserade, \u00e5tervunna och l\u00e5g-p\u00e5verkande polymerer.<\/li>\n\n\n\n<li>F\u00f6rnybar och fossilfri energi: \u00d6verg\u00e5ng till 100 % gr\u00f6n energi i samtliga tillverkningsanl\u00e4ggningar.<\/li>\n\n\n\n<li>Upcycling av materialavfall: Implementera cirkul\u00e4ra processer genom att \u00e5teranv\u00e4nda produktionsspill och osintrat pulver.<\/li>\n\n\n\n<li>Safe and Responsible Supply Chain: S\u00e4kerst\u00e4lla milj\u00f6m\u00e4ssig och etisk efterlevnad hos alla f\u00f6rstaledets leverant\u00f6rer.<\/li>\n<\/ul>\n\n\n\n<div class=\"wp-block-group is-layout-constrained wp-block-group-is-layout-constrained\">\n<div class=\"wp-block-group is-layout-flex wp-container-core-group-is-layout-6b99030d wp-block-group-is-layout-flex\">\n<figure class=\"wp-block-image size-large is-resized\"><img decoding=\"async\" src=\"http:\/\/prototal.info\/app\/uploads\/2025\/10\/e_web_06-1024x1024.webp\" alt=\"\" class=\"wp-image-1979\" style=\"width:55px\" \/><\/figure>\n\n\n\n<figure class=\"wp-block-image size-large is-resized\"><img decoding=\"async\" src=\"http:\/\/prototal.info\/app\/uploads\/2025\/10\/e_web_07-1024x1024.webp\" alt=\"\" class=\"wp-image-1991\" style=\"width:55px\" \/><\/figure>\n\n\n\n<figure class=\"wp-block-image size-large is-resized\"><img decoding=\"async\" src=\"http:\/\/prototal.info\/app\/uploads\/2025\/10\/e_web_12-1024x1024.webp\" alt=\"\" class=\"wp-image-2045\" style=\"width:55px\" \/><\/figure>\n\n\n\n<figure class=\"wp-block-image size-large is-resized\"><img decoding=\"async\" src=\"http:\/\/prototal.info\/app\/uploads\/2025\/10\/e_web_13-1024x1024.webp\" alt=\"\" class=\"wp-image-1997\" style=\"width:55px\" \/><\/figure>\n\n\n\n<figure class=\"wp-block-image size-large is-resized\"><img decoding=\"async\" src=\"http:\/\/prototal.info\/app\/uploads\/2025\/10\/e_web_15-1024x1024.webp\" alt=\"\" class=\"wp-image-2009\" style=\"width:55px\" \/><\/figure>\n<\/div>\n<\/div>\n<\/div>\n\n\n\n<div class=\"wp-block-column is-vertically-aligned-stretch is-layout-flow wp-block-column-is-layout-flow\">\n<h3 class=\"wp-block-heading\"><br \/><br \/>Operativ styrning<\/h3>\n\n\n\n<p>Vi arbetar f\u00f6r att leverera nettopositiva l\u00f6sningar som skapar v\u00e4rde f\u00f6r v\u00e5ra kunder, samh\u00e4llet och planeten fram till 2030.<\/p>\n\n\n\n<h4 class=\"wp-block-heading\">Strategiska m\u00e5l<\/h4>\n\n\n\n<ul class=\"wp-block-list\">\n<li>Motiverad, kompetent och engagerad arbetsstyrka: Kontinuerliga investeringar i det m\u00e4nskliga kapital som driver v\u00e5r innovation.<\/li>\n\n\n\n<li>Lika m\u00f6jligheter f\u00f6r alla medarbetare<br \/>En m\u00e5ngfaldig, inkluderande och r\u00e4ttvis arbetsplats p\u00e5 alla v\u00e5ra anl\u00e4ggningar.<\/li>\n\n\n\n<li>En arbetsmilj\u00f6 utan olyckor: Vi prioriterar b\u00e5de fysisk och psykisk s\u00e4kerhet i varje produktionsmilj\u00f6.<\/li>\n\n\n\n<li>En p\u00e5litlig arbetsgivare och partner med h\u00f6ga etiska standarder: <br \/>Transparens, datas\u00e4kerhet och integritet i alla aff\u00e4rsrelationer.<\/li>\n\n\n\n<li>Positiv p\u00e5verkan i v\u00e5ra lokalsamh\u00e4llen: Bidra till lokal ekonomisk utveckling och industriell utbildning.<\/li>\n<\/ul>\n\n\n\n<div class=\"wp-block-group is-layout-constrained wp-block-group-is-layout-constrained\">\n<div class=\"wp-block-group is-layout-flex wp-container-core-group-is-layout-6b99030d wp-block-group-is-layout-flex\">\n<figure class=\"wp-block-image size-large is-resized\"><img decoding=\"async\" src=\"http:\/\/prototal.info\/app\/uploads\/2025\/10\/e_web_03-1024x1024.webp\" alt=\"\" class=\"wp-image-1967\" style=\"width:55px\" \/><\/figure>\n\n\n\n<figure class=\"wp-block-image size-large is-resized\"><img decoding=\"async\" src=\"http:\/\/prototal.info\/app\/uploads\/2025\/10\/e_web_08-1024x1024.webp\" alt=\"\" class=\"wp-image-1985\" style=\"width:55px\" \/><\/figure>\n\n\n\n<figure class=\"wp-block-image size-large is-resized\"><img decoding=\"async\" src=\"http:\/\/prototal.info\/app\/uploads\/2025\/10\/e_web_09-1024x1024.webp\" alt=\"\" class=\"wp-image-2027\" style=\"width:55px\" \/><\/figure>\n\n\n\n<figure class=\"wp-block-image size-large is-resized\"><img decoding=\"async\" src=\"http:\/\/prototal.info\/app\/uploads\/2025\/10\/e_web_17-1024x1024.webp\" alt=\"\" class=\"wp-image-2021\" style=\"width:55px\" \/><\/figure>\n<\/div>\n<\/div>\n<\/div>\n<\/div>\n<\/div>\n\n<div style=\"height:200px\" aria-hidden=\"true\" class=\"wp-block-spacer\"><\/div>\n\n<div class=\"wp-block-group alignfull has-dark-blue-background-color has-background is-content-justification-center is-layout-constrained wp-container-core-group-is-layout-8cef36cf wp-block-group-is-layout-constrained\" style=\"padding-top:var(--wp--preset--spacing--80);padding-right:var(--wp--preset--spacing--80);padding-bottom:var(--wp--preset--spacing--80);padding-left:var(--wp--preset--spacing--80)\">\n<div class=\"wp-block-group alignwide is-content-justification-center is-layout-constrained wp-container-core-group-is-layout-500c7647 wp-block-group-is-layout-constrained\">\n<h2 class=\"wp-block-heading has-white-color has-text-color has-link-color wp-elements-66e15453caf8addb614cd45a1740c13b\">Uppf\u00f6ljning av v\u00e5ra framsteg sedan 2022<\/h2>\n\n\n\n<p class=\"has-white-color has-text-color has-link-color wp-elements-8206892cd67d0de2c5e1918dc091a494\">P\u00e5 Prototal anser vi att milj\u00f6m\u00e4ssigt och socialt ansvar m\u00e5ste vara m\u00e4tbart f\u00f6r att vara meningsfullt. F\u00f6r att s\u00e4kerst\u00e4lla transparens gentemot v\u00e5ra partners och samh\u00e4llet har vi publicerat en \u00e5rlig h\u00e5llbarhetsrapport sedan 2022. Dessa rapporter fungerar som en tydlig redovisning av v\u00e5r resa mot en mer koldioxideffektiv och cirkul\u00e4r tillverkningsmodell.  <\/p>\n\n\n\n<p class=\"has-white-color has-text-color has-link-color wp-elements-1a2ffddd4b9296e902ff413ff9d9848c\"><strong>Vad v\u00e5r rapportering omfattar<\/strong><\/p>\n\n\n\n<ul class=\"wp-block-list has-white-color has-text-color has-link-color wp-elements-89003cd434929c6a40221190dd858787\">\n<li><strong>Analys av koldioxidavtryck<\/strong>: Uppf\u00f6ljning av Scope 1, 2 och 3-utsl\u00e4pp i v\u00e5ra anl\u00e4ggningar i Storbritannien, Norge och \u00f6vriga Europa.<\/li>\n\n\n\n<li><strong>Materialcirkularitet<\/strong>: Data om pulverf\u00f6rnyelsegrader och framsteg i minskning av materialspill.<\/li>\n\n\n\n<li><strong>Energiomst\u00e4llning<\/strong>: Uppf\u00f6ljning av v\u00e5r \u00f6verg\u00e5ng till 100 % f\u00f6rnybar energi i v\u00e5ra anl\u00e4ggningar.<\/li>\n\n\n\n<li><strong>Sociala p\u00e5verkansm\u00e5tt<\/strong>: H\u00e4r belyser vi v\u00e5r arbetskrafts h\u00e4lsa, s\u00e4kerhet och utveckling inom ramen f\u00f6r Proudtotal-initiativet<\/li>\n<\/ul>\n\n\n\n<div class=\"wp-block-buttons is-layout-flex wp-block-buttons-is-layout-flex\">\n<div class=\"wp-block-button\"><a class=\"wp-block-button__link wp-element-button\" href=\"https:\/\/prototal.info\/app\/uploads\/2026\/01\/sustainability-report-2022.pdf\">H\u00e5llbarhetsrapport 2022<\/a><\/div>\n\n\n\n<div class=\"wp-block-button\"><a class=\"wp-block-button__link wp-element-button\" href=\"https:\/\/prototal.info\/app\/uploads\/2026\/01\/prototal_original_23.pdf\">H\u00e5llbarhetsrapport 2023<\/a><\/div>\n\n\n\n<div class=\"wp-block-button\"><a class=\"wp-block-button__link wp-element-button\" href=\"https:\/\/prototal.info\/app\/uploads\/2026\/03\/sustainability-report-2024.pdf\">H\u00e5llbarhetsrapport 2024<\/a><\/div>\n<\/div>\n<\/div>\n<\/div>\n\n<div style=\"height:200px\" aria-hidden=\"true\" class=\"wp-block-spacer\"><\/div>\n\n<div class=\"wp-block-group alignfull is-layout-constrained wp-block-group-is-layout-constrained\"><div id=\"block_9fa15b3842ebc78b7eb33e51897e0f2f\" class=\"quote-carousel alignwide\">\n    <div class=\"quote-carousel-wrapper swiper bg-light\" style=\"background-color: #f5fbff;\" data-carousel-id=\"block_9fa15b3842ebc78b7eb33e51897e0f2f\">\n        <div class=\"swiper-wrapper\">\n                            <div class=\"swiper-slide\">\n                   \n                        <div class=\"quote-column text-dark\">\n                            \n                                                            <h2 class=\"quote-title\">D\u00e4r precisionsingenj\u00f6rskap m\u00f6ter en m\u00e4nniskocentrerad kultur<\/h2>\n                                                        \n                                                            <div class=\"quote-text\">\n                                    <p data-path-to-node=\"4\">P\u00e5 Prototal str\u00e4var vi efter att vara den mest attraktiva arbetsgivaren i v\u00e5r bransch. Vi kallar detta \u00e5tagande Proudtotal \u2013 v\u00e5rt l\u00f6fte att erbjuda en arbetsplats d\u00e4r varje individ kan utvecklas, bidra med innovation och v\u00e4xa. F\u00f6r oss \u00e4r ingenj\u00f6rsm\u00e4ssig excellens om\u00f6jlig utan en arbetsmilj\u00f6 pr\u00e4glad av trygghet och respekt.  <\/p>\n<p data-path-to-node=\"5\">We ensure our teams operate in facilities held to the highest global standards for health and safety. By utilizing collective agreements (or their equivalents) as our baseline, we secure a solid foundation for fair working conditions, the right of association, and a strict zero-tolerance policy toward forced or child labor. <\/p>\n                                <\/div>\n                                                    <\/div>\n                        \n                        <div class=\"image-column\">\n                            \n                                                            <figure>\n                                    <img loading=\"lazy\" decoding=\"async\" width=\"1600\" height=\"1200\" src=\"https:\/\/prototal.info\/app\/uploads\/2025\/12\/proudtotal-logo-wall-art-norway.avif\" class=\"attachment-full size-full not-transparent\" alt=\"\" srcset=\"https:\/\/prototal.info\/app\/uploads\/2025\/12\/proudtotal-logo-wall-art-norway.avif 1600w, https:\/\/prototal.info\/app\/uploads\/2025\/12\/proudtotal-logo-wall-art-norway-300x225.avif 300w, https:\/\/prototal.info\/app\/uploads\/2025\/12\/proudtotal-logo-wall-art-norway-1024x768.avif 1024w, https:\/\/prototal.info\/app\/uploads\/2025\/12\/proudtotal-logo-wall-art-norway-768x576.avif 768w, https:\/\/prototal.info\/app\/uploads\/2025\/12\/proudtotal-logo-wall-art-norway-1536x1152.avif 1536w\" sizes=\"auto, (max-width: 1600px) 100vw, 1600px\" data-has-transparency=\"false\" data-dominant-color=\"b88ba3\" style=\"--dominant-color: #b88ba3;\" \/>                                <\/figure>\n                                                    <\/div>\n              \n                <\/div>\n                        <\/div>\n        \n        <div class=\"swiper-button-next\"><\/div>\n        <div class=\"swiper-button-prev\"><\/div>\n    <\/div>\n    <\/div>\n\n<\/div>\n\n<div style=\"height:200px\" aria-hidden=\"true\" class=\"wp-block-spacer\"><\/div>\n\n<p><\/p>\n","protected":false},"excerpt":{"rendered":"<p>Socialt och milj\u00f6m\u00e4ssigt ansvar V\u00e5rt m\u00e5l \u00e4r att uppn\u00e5 nettopositiv p\u00e5verkan i v\u00e5r produktion och leveranskedja senast 2030. Strategiska m\u00e5l Operativ styrning Vi arbetar f\u00f6r att leverera nettopositiva l\u00f6sningar som skapar v\u00e4rde f\u00f6r v\u00e5ra kunder, samh\u00e4llet och planeten fram till 2030. Strategiska m\u00e5l Uppf\u00f6ljning av v\u00e5ra framsteg sedan 2022 P\u00e5 Prototal anser vi att milj\u00f6m\u00e4ssigt [&hellip;]<\/p>\n","protected":false},"author":5,"featured_media":10794,"parent":0,"menu_order":0,"comment_status":"closed","ping_status":"closed","template":"","meta":{"_acf_changed":false,"inline_featured_image":false,"footnotes":""},"class_list":["post-13270","page","type-page","status-publish","has-post-thumbnail","hentry"],"acf":[],"yoast_head":"<!-- This site is optimized with the Yoast SEO plugin v27.2 - https:\/\/yoast.com\/product\/yoast-seo-wordpress\/ -->\n<title>ESG | Future of Manufacturing | Prototal<\/title>\n<meta name=\"description\" content=\"Utforska hur Prototal driver framsteg inom industriell produktion genom additiv tillverkning, cirkul\u00e4ra materialval och socialt ansvarstagande. L\u00e4s v\u00e5r ESG-rapport.\" \/>\n<meta name=\"robots\" content=\"index, follow, max-snippet:-1, max-image-preview:large, max-video-preview:-1\" \/>\n<link rel=\"canonical\" href=\"https:\/\/prototal.info\/se\/esg\/\" \/>\n<meta property=\"og:locale\" content=\"sv_SE\" \/>\n<meta property=\"og:type\" content=\"article\" \/>\n<meta property=\"og:title\" content=\"ESG | Future of Manufacturing | Prototal\" \/>\n<meta property=\"og:description\" content=\"Utforska hur Prototal driver framsteg inom industriell produktion genom additiv tillverkning, cirkul\u00e4ra materialval och socialt ansvarstagande. L\u00e4s v\u00e5r ESG-rapport.\" \/>\n<meta property=\"og:url\" content=\"https:\/\/prototal.info\/se\/esg\/\" \/>\n<meta property=\"og:site_name\" content=\"Prototal\" \/>\n<meta property=\"article:modified_time\" content=\"2026-04-08T07:49:39+00:00\" \/>\n<meta name=\"twitter:card\" content=\"summary_large_image\" \/>\n<meta name=\"twitter:label1\" content=\"Ber\u00e4knad l\u00e4stid\" \/>\n\t<meta name=\"twitter:data1\" content=\"4 minuter\" \/>\n<script type=\"application\/ld+json\" class=\"yoast-schema-graph\">{\n\t    \"@context\": \"https:\/\/schema.org\",\n\t    \"@graph\": [\n\t        {\n\t            \"@type\": \"WebPage\",\n\t            \"@id\": \"https:\/\/prototal.info\/se\/esg\/\",\n\t            \"url\": \"https:\/\/prototal.info\/se\/esg\/\",\n\t            \"name\": \"ESG | Future of Manufacturing | Prototal\",\n\t            \"isPartOf\": {\n\t                \"@id\": \"https:\/\/prototal.info\/se\/#website\"\n\t            },\n\t            \"primaryImageOfPage\": {\n\t                \"@id\": \"https:\/\/prototal.info\/se\/esg\/#primaryimage\"\n\t            },\n\t            \"image\": {\n\t                \"@id\": \"https:\/\/prototal.info\/se\/esg\/#primaryimage\"\n\t            },\n\t            \"thumbnailUrl\": \"https:\/\/prototal.info\/app\/uploads\/2025\/12\/proudtotal-logo-wall-art-norway.avif\",\n\t            \"datePublished\": \"2025-12-12T07:44:19+00:00\",\n\t            \"dateModified\": \"2026-04-08T07:49:39+00:00\",\n\t            \"description\": \"Utforska hur Prototal driver framsteg inom industriell produktion genom additiv tillverkning, cirkul\u00e4ra materialval och socialt ansvarstagande. L\u00e4s v\u00e5r ESG-rapport.\",\n\t            \"breadcrumb\": {\n\t                \"@id\": \"https:\/\/prototal.info\/se\/esg\/#breadcrumb\"\n\t            },\n\t            \"inLanguage\": \"sv-SE\",\n\t            \"potentialAction\": [\n\t                {\n\t                    \"@type\": \"ReadAction\",\n\t                    \"target\": [\n\t                        \"https:\/\/prototal.info\/se\/esg\/\"\n\t                    ]\n\t                }\n\t            ]\n\t        },\n\t        {\n\t            \"@type\": \"ImageObject\",\n\t            \"inLanguage\": \"sv-SE\",\n\t            \"@id\": \"https:\/\/prototal.info\/se\/esg\/#primaryimage\",\n\t            \"url\": \"https:\/\/prototal.info\/app\/uploads\/2025\/12\/proudtotal-logo-wall-art-norway.avif\",\n\t            \"contentUrl\": \"https:\/\/prototal.info\/app\/uploads\/2025\/12\/proudtotal-logo-wall-art-norway.avif\",\n\t            \"width\": 1600,\n\t            \"height\": 1200\n\t        },\n\t        {\n\t            \"@type\": \"BreadcrumbList\",\n\t            \"@id\": \"https:\/\/prototal.info\/se\/esg\/#breadcrumb\",\n\t            \"itemListElement\": [\n\t                {\n\t                    \"@type\": \"ListItem\",\n\t                    \"position\": 1,\n\t                    \"name\": \"Home\",\n\t                    \"item\": \"https:\/\/prototal.info\/se\/\"\n\t                },\n\t                {\n\t                    \"@type\": \"ListItem\",\n\t                    \"position\": 2,\n\t                    \"name\": \"H\u00e5llbarhet (ESG)\"\n\t                }\n\t            ]\n\t        },\n\t        {\n\t            \"@type\": \"WebSite\",\n\t            \"@id\": \"https:\/\/prototal.info\/se\/#website\",\n\t            \"url\": \"https:\/\/prototal.info\/se\/\",\n\t            \"name\": \"Prototal\",\n\t            \"description\": \"From one to one million\",\n\t            \"publisher\": {\n\t                \"@id\": \"https:\/\/prototal.info\/se\/#organization\"\n\t            },\n\t            \"potentialAction\": [\n\t                {\n\t                    \"@type\": \"SearchAction\",\n\t                    \"target\": {\n\t                        \"@type\": \"EntryPoint\",\n\t                        \"urlTemplate\": \"https:\/\/prototal.info\/se\/?s={search_term_string}\"\n\t                    },\n\t                    \"query-input\": {\n\t                        \"@type\": \"PropertyValueSpecification\",\n\t                        \"valueRequired\": true,\n\t                        \"valueName\": \"search_term_string\"\n\t                    }\n\t                }\n\t            ],\n\t            \"inLanguage\": \"sv-SE\"\n\t        },\n\t        {\n\t            \"@type\": \"Organization\",\n\t            \"@id\": \"https:\/\/prototal.info\/se\/#organization\",\n\t            \"name\": \"Prototal\",\n\t            \"url\": \"https:\/\/prototal.info\/se\/\",\n\t            \"logo\": {\n\t                \"@type\": \"ImageObject\",\n\t                \"inLanguage\": \"sv-SE\",\n\t                \"@id\": \"https:\/\/prototal.info\/se\/#\/schema\/logo\/image\/\",\n\t                \"url\": \"https:\/\/prototal.info\/app\/uploads\/2026\/03\/yoast-seo-default-logo.avif\",\n\t                \"contentUrl\": \"https:\/\/prototal.info\/app\/uploads\/2026\/03\/yoast-seo-default-logo.avif\",\n\t                \"width\": 696,\n\t                \"height\": 696,\n\t                \"caption\": \"Prototal\"\n\t            },\n\t            \"image\": {\n\t                \"@id\": \"https:\/\/prototal.info\/se\/#\/schema\/logo\/image\/\"\n\t            }\n\t        }\n\t    ]\n\t}<\/script>\n<!-- \/ Yoast SEO plugin. -->","yoast_head_json":{"title":"ESG | Future of Manufacturing | Prototal","description":"Utforska hur Prototal driver framsteg inom industriell produktion genom additiv tillverkning, cirkul\u00e4ra materialval och socialt ansvarstagande. L\u00e4s v\u00e5r ESG-rapport.","robots":{"index":"index","follow":"follow","max-snippet":"max-snippet:-1","max-image-preview":"max-image-preview:large","max-video-preview":"max-video-preview:-1"},"canonical":"https:\/\/prototal.info\/se\/esg\/","og_locale":"sv_SE","og_type":"article","og_title":"ESG | Future of Manufacturing | Prototal","og_description":"Utforska hur Prototal driver framsteg inom industriell produktion genom additiv tillverkning, cirkul\u00e4ra materialval och socialt ansvarstagande. L\u00e4s v\u00e5r ESG-rapport.","og_url":"https:\/\/prototal.info\/se\/esg\/","og_site_name":"Prototal","article_modified_time":"2026-04-08T07:49:39+00:00","twitter_card":"summary_large_image","twitter_misc":{"Ber\u00e4knad l\u00e4stid":"4 minuter"},"schema":{"@context":"https:\/\/schema.org","@graph":[{"@type":"WebPage","@id":"https:\/\/prototal.info\/se\/esg\/","url":"https:\/\/prototal.info\/se\/esg\/","name":"ESG | Future of Manufacturing | Prototal","isPartOf":{"@id":"https:\/\/prototal.info\/se\/#website"},"primaryImageOfPage":{"@id":"https:\/\/prototal.info\/se\/esg\/#primaryimage"},"image":{"@id":"https:\/\/prototal.info\/se\/esg\/#primaryimage"},"thumbnailUrl":"https:\/\/prototal.info\/app\/uploads\/2025\/12\/proudtotal-logo-wall-art-norway.avif","datePublished":"2025-12-12T07:44:19+00:00","dateModified":"2026-04-08T07:49:39+00:00","description":"Utforska hur Prototal driver framsteg inom industriell produktion genom additiv tillverkning, cirkul\u00e4ra materialval och socialt ansvarstagande. L\u00e4s v\u00e5r ESG-rapport.","breadcrumb":{"@id":"https:\/\/prototal.info\/se\/esg\/#breadcrumb"},"inLanguage":"sv-SE","potentialAction":[{"@type":"ReadAction","target":["https:\/\/prototal.info\/se\/esg\/"]}]},{"@type":"ImageObject","inLanguage":"sv-SE","@id":"https:\/\/prototal.info\/se\/esg\/#primaryimage","url":"https:\/\/prototal.info\/app\/uploads\/2025\/12\/proudtotal-logo-wall-art-norway.avif","contentUrl":"https:\/\/prototal.info\/app\/uploads\/2025\/12\/proudtotal-logo-wall-art-norway.avif","width":1600,"height":1200},{"@type":"BreadcrumbList","@id":"https:\/\/prototal.info\/se\/esg\/#breadcrumb","itemListElement":[{"@type":"ListItem","position":1,"name":"Home","item":"https:\/\/prototal.info\/se\/"},{"@type":"ListItem","position":2,"name":"H\u00e5llbarhet (ESG)"}]},{"@type":"WebSite","@id":"https:\/\/prototal.info\/se\/#website","url":"https:\/\/prototal.info\/se\/","name":"Prototal","description":"From one to one million","publisher":{"@id":"https:\/\/prototal.info\/se\/#organization"},"potentialAction":[{"@type":"SearchAction","target":{"@type":"EntryPoint","urlTemplate":"https:\/\/prototal.info\/se\/?s={search_term_string}"},"query-input":{"@type":"PropertyValueSpecification","valueRequired":true,"valueName":"search_term_string"}}],"inLanguage":"sv-SE"},{"@type":"Organization","@id":"https:\/\/prototal.info\/se\/#organization","name":"Prototal","url":"https:\/\/prototal.info\/se\/","logo":{"@type":"ImageObject","inLanguage":"sv-SE","@id":"https:\/\/prototal.info\/se\/#\/schema\/logo\/image\/","url":"https:\/\/prototal.info\/app\/uploads\/2026\/03\/yoast-seo-default-logo.avif","contentUrl":"https:\/\/prototal.info\/app\/uploads\/2026\/03\/yoast-seo-default-logo.avif","width":696,"height":696,"caption":"Prototal"},"image":{"@id":"https:\/\/prototal.info\/se\/#\/schema\/logo\/image\/"}}]}},"_links":{"self":[{"href":"https:\/\/prototal.info\/se\/wp-json\/wp\/v2\/pages\/13270","targetHints":{"allow":["GET"]}}],"collection":[{"href":"https:\/\/prototal.info\/se\/wp-json\/wp\/v2\/pages"}],"about":[{"href":"https:\/\/prototal.info\/se\/wp-json\/wp\/v2\/types\/page"}],"author":[{"embeddable":true,"href":"https:\/\/prototal.info\/se\/wp-json\/wp\/v2\/users\/5"}],"replies":[{"embeddable":true,"href":"https:\/\/prototal.info\/se\/wp-json\/wp\/v2\/comments?post=13270"}],"version-history":[{"count":7,"href":"https:\/\/prototal.info\/se\/wp-json\/wp\/v2\/pages\/13270\/revisions"}],"predecessor-version":[{"id":17030,"href":"https:\/\/prototal.info\/se\/wp-json\/wp\/v2\/pages\/13270\/revisions\/17030"}],"wp:featuredmedia":[{"embeddable":true,"href":"https:\/\/prototal.info\/se\/wp-json\/wp\/v2\/media\/10794"}],"wp:attachment":[{"href":"https:\/\/prototal.info\/se\/wp-json\/wp\/v2\/media?parent=13270"}],"curies":[{"name":"wp","href":"https:\/\/api.w.org\/{rel}","templated":true}]}}