{"id":11709,"date":"2025-12-12T08:47:17","date_gmt":"2025-12-12T07:47:17","guid":{"rendered":"https:\/\/prototal.info\/losningar\/formpressad-fiberforpackning\/"},"modified":"2026-03-12T14:56:59","modified_gmt":"2026-03-12T13:56:59","slug":"formpressad-fiberforpackning","status":"publish","type":"page","link":"https:\/\/prototal.info\/se\/losningar\/formpressad-fiberforpackning\/","title":{"rendered":"Formpressad Fiberf\u00f6rpackning"},"content":{"rendered":"<div id=\"block_807476082ec25779c54053818f8d663d\" class=\"prototal-hero-entrance alignfull\">\n    <div class=\"left-block-background\" style=\"background:#f5fbff;\"><\/div>\n    <div class=\"inside\">\n                    <figure>\n                <img loading=\"lazy\" decoding=\"async\" width=\"1600\" height=\"1200\" src=\"https:\/\/prototal.info\/app\/uploads\/2026\/03\/molded-fiber-hp-desktop-mini.avif\" class=\"attachment-full size-full\" alt=\"\" \/>            <\/figure>\n                <div class=\"innerblocks\">\n            <div class=\"acf-innerblocks-container\">\n\n<h1 class=\"wp-block-heading has-dark-blue-color has-text-color has-link-color has-x-large-font-size wp-elements-b2e1c109ff73603b5fd5a6bbe54e32c5\" id=\"headline-108-1829\">L\u00f6sningar f\u00f6r gjuten fiber fr\u00e5n b\u00f6rjan till slut: Fr\u00e5n verktyg till produktion<\/h1>\n\n\n\n<p>F\u00f6rpackningen \u00e4r inte l\u00e4ngre en separat fas i leveranskedjan &#8211; det \u00e4r en vertikalt integrerad process.  <\/p>\n\n\n\n<p>P\u00e5 Prototal tillhandah\u00e5ller vi hela den infrastruktur som kr\u00e4vs f\u00f6r att g\u00e5 fr\u00e5n den f\u00f6rsta f\u00f6rpackningsdesignen till den slutliga f\u00f6rpackningsprodukten. Genom att hantera b\u00e5de ett radikalt nytt s\u00e4tt att producera verktyg med HP Industrial 3D Printing i kombination med v\u00e5rt eget gjutna fiberlabb i Malm\u00f6 eliminerar vi all friktion i din leveranskedja. <\/p>\n\n\n\n<div class=\"wp-block-buttons is-layout-flex wp-block-buttons-is-layout-flex\">\n<div class=\"wp-block-button\"><a class=\"wp-block-button__link wp-element-button\" href=\"https:\/\/prototal.info\/se\/kontakt\/\">Projektf\u00f6rfr\u00e5gan<\/a><\/div>\n<\/div>\n\n<\/div>        <\/div>\n    <\/div>\n<\/div>\n\n<div style=\"height:200px\" aria-hidden=\"true\" class=\"wp-block-spacer\"><\/div>\n\n<div class=\"wp-block-group our-story-block is-layout-constrained wp-block-group-is-layout-constrained\">\n<div class=\"wp-block-columns alignwide are-vertically-aligned-top is-layout-flex wp-container-core-columns-is-layout-14cf5ab5 wp-block-columns-is-layout-flex\">\n<div class=\"wp-block-column is-vertically-aligned-top is-layout-flow wp-block-column-is-layout-flow\">\n<h2 class=\"wp-block-heading\">En komplett livscykell\u00f6sning fr\u00e5n koncept till skala<\/h2>\n\n\n\n<p>V\u00e5r helt\u00e4ckande infrastruktur bygger p\u00e5 en &#8221;Concept to Scale&#8221;-modell som g\u00f6r att vi kan f\u00f6rfina varje variabel i produktionscykeln under ett och samma tak. Genom att hantera de tekniska nyanserna internt f\u00f6rvandlar vi tillverkningskomplexitet till en m\u00e4tbar konkurrensf\u00f6rdel f\u00f6r v\u00e5ra partners. <\/p>\n<\/div>\n\n\n\n<div class=\"wp-block-column is-vertically-aligned-top is-layout-flow wp-block-column-is-layout-flow\">\n<div class=\"wp-block-group is-layout-constrained wp-block-group-is-layout-constrained\">\n<h4 class=\"wp-block-heading has-dark-blue-color has-text-color has-link-color has-medium-font-size wp-elements-543454a659f40bc77d077d6475583957\">Material- och receptoptimering<\/h4>\n\n\n\n<p style=\"margin-top:4px\">Vi anv\u00e4nder inte bara standardmaterial, utan optimerar &#8221;receptet&#8221; f\u00f6r din specifika applikation. Genom att f\u00f6rfina faktorer som formning, avvattning och cykeltider kan vi direkt minska ledtiderna och maximera produktiviteten i produktionslinjen. <\/p>\n<\/div>\n\n\n\n<div class=\"wp-block-group is-layout-constrained wp-block-group-is-layout-constrained\">\n<h4 class=\"wp-block-heading has-dark-blue-color has-text-color has-link-color has-medium-font-size wp-elements-be0b083e3a5391e05f3b8e3aaf1b6153\">Avancerad kontroll av perforering och geometri<\/h4>\n\n\n\n<p style=\"margin-top:4px\">Genom h\u00f6guppl\u00f6st MJF-teknik uppn\u00e5r vi exakt perforeringsoptimering. Detta m\u00f6jligg\u00f6r zonbaserad kontroll av ytvikten och en betydande viktminskning av de f\u00e4rdiga detaljerna. Resultatet \u00e4r f\u00f6rb\u00e4ttrade mekaniska egenskaper och en minskning av b\u00e5de r\u00f6rliga kostnader och materialspill.  <\/p>\n<\/div>\n<\/div>\n\n\n\n<div class=\"wp-block-column is-vertically-aligned-top is-layout-flow wp-block-column-is-layout-flow\">\n<div class=\"wp-block-group is-layout-constrained wp-block-group-is-layout-constrained\">\n<h4 class=\"wp-block-heading has-dark-blue-color has-text-color has-link-color has-medium-font-size wp-elements-4960d24654dc75d2f1090192b0db1444\">Anv\u00e4ndbarhet och torrhet Effektivitet<\/h4>\n\n\n\n<p style=\"margin-top:4px\">V\u00e5r process inkluderar optimering av torrhet f\u00f6r att minska energif\u00f6rbrukningen. Genom att exakt styra fuktborttagningsfaserna i produktionen uppn\u00e5r vi betydande energi- och vattenbesparingar, vilket g\u00f6r den industriella \u00f6verg\u00e5ngen till gjuten fiber mer h\u00e5llbar och kostnadseffektiv. <\/p>\n<\/div>\n\n\n\n<div class=\"wp-block-group is-layout-constrained wp-block-group-is-layout-constrained\">\n<h4 class=\"wp-block-heading has-dark-blue-color has-text-color has-link-color has-medium-font-size wp-elements-e60cfc4e5e91c502dbfa6e80bebda3cb\">Snabbare produktion av prover<\/h4>\n\n\n\n<p style=\"margin-top:4px\">N\u00e4rheten mellan v\u00e5ra digitala verktyg och v\u00e5ra produktionslinjer g\u00f6r att vi kan korta ner tiden till prototyp till bara 2-3 veckor. Den h\u00e4r snabba processen m\u00f6jligg\u00f6r fler iterationer och s\u00e4kerst\u00e4ller en snabbare introduktion av nya produkter p\u00e5 marknaden med l\u00e4gre risk. <\/p>\n<\/div>\n<\/div>\n<\/div>\n<\/div>\n\n<div style=\"height:200px\" aria-hidden=\"true\" class=\"wp-block-spacer\"><\/div>\n\n<div class=\"wp-block-media-text is-stacked-on-mobile is-vertically-aligned-center\"><figure class=\"wp-block-media-text__media\"><img loading=\"lazy\" decoding=\"async\" width=\"1600\" height=\"1200\" src=\"https:\/\/prototal.info\/app\/uploads\/2026\/03\/molded-fiber-hp-branded-tool.avif\" alt=\"\" class=\"wp-image-9317 size-full\"\/><\/figure><div class=\"wp-block-media-text__content\">\n<h3 class=\"wp-block-heading\">M\u00f6jligg\u00f6rs av HP Multi Jet Fusion<\/h3>\n\n\n\n<p>V\u00e5r infrastruktur utnyttjar HP:s egenutvecklade teknik med specialkalibrerade Multi Jet Fusion (MJF) 3D-printingmaskiner. Verktygen tillverkas med biobaserad PA 11 &#8211; en polymer som h\u00e4rr\u00f6r fr\u00e5n ricinolja. <\/p>\n\n\n\n<p>V\u00e5ra kalibrerade 3D-printingmaskiner ger en exceptionell uppl\u00f6sning och kan producera komplexa maskor och ventilationsm\u00f6nster med h\u00e5ldiametrar s\u00e5 sm\u00e5 som 0,4 mm. Denna precision s\u00e4kerst\u00e4ller optimalt fl\u00f6de och filtrering, vilket minskar fiber- och vattenf\u00f6rbrukningen och ger en teknisk f\u00f6rdel j\u00e4mf\u00f6rt med traditionella verktyg f\u00f6r gjuten massa. <\/p>\n<\/div><\/div>\n\n<div style=\"height:200px\" aria-hidden=\"true\" class=\"wp-block-spacer\"><\/div>\n\n<h2 class=\"wp-block-heading\">Varf\u00f6r \u00f6verv\u00e4ga gjuten fiber med digitala verktyg?<\/h2>\n\n<div style=\"height:15px\" aria-hidden=\"true\" class=\"wp-block-spacer\"><\/div>\n\n<figure class=\"wp-block-table alignwide is-style-stripes\"><table class=\"has-fixed-layout\"><thead><tr><th>Variabler<\/th><th>Digital verktygsframst\u00e4llning med 3D-printing<\/th><th>Traditionella verktyg<\/th><\/tr><\/thead><tbody><tr><td>Ledtid<\/td><td>2-3 veckor<\/td><td>5-8 veckor<\/td><\/tr><tr><td>Geometrier<\/td><td>Komplex<\/td><td>Begr\u00e4nsad<\/td><\/tr><tr><td>Sk\u00e4rm  <\/td><td>Digitalt arbetsfl\u00f6de<\/td><td>Manuellt arbete<\/td><\/tr><tr><td>Optimering<\/td><td>Optimering av digital topologi<\/td><td>Begr\u00e4nsad<\/td><\/tr><tr><td>Snabba iterationer<\/td><td>Ja<\/td><td>Nej<\/td><\/tr><\/tbody><\/table><\/figure>\n\n<div style=\"height:15px\" aria-hidden=\"true\" class=\"wp-block-spacer\"><\/div>\n\n<p class=\"has-text-align-center has-small-font-size\">Ledtiderna kan p\u00e5verkas av receptet p\u00e5 den gjutna massan, komplexiteten hos det digitala verktyget, perforeringsm\u00f6nster och specifika avvattningskrav.<\/p>\n\n<div style=\"height:125px\" aria-hidden=\"true\" class=\"wp-block-spacer\"><\/div>\n\n<h2 class=\"wp-block-heading has-text-align-center\">En integrerad verktygsarkitektur<\/h2>\n\n<div style=\"height:15px\" aria-hidden=\"true\" class=\"wp-block-spacer\"><\/div>\n\n<div class=\"wp-block-group is-layout-constrained wp-container-core-group-is-layout-821c585e wp-block-group-is-layout-constrained\"><div id=\"block_ab8fdab183832a386f0e58222b08c19e\" class=\"prototal-hotspots-image align\">\n\n<figure><img loading=\"lazy\" decoding=\"async\" width=\"654\" height=\"981\" src=\"https:\/\/prototal.info\/app\/uploads\/2026\/03\/molded-fiber-steps.avif\" class=\"attachment-full size-full\" alt=\"\" \/><div class=\"hotspots\"><div class=\"hotspot\" style=\"top: 15.61%; left: 80.16%;\" id=\"block_ab8fdab183832a386f0e58222b08c19e-1\"><\/div><div class=\"hotspot\" style=\"top: 34.13%; left: 73.02%;\" id=\"block_ab8fdab183832a386f0e58222b08c19e-2\"><\/div><div class=\"hotspot\" style=\"top: 55.29%; left: 71.43%;\" id=\"block_ab8fdab183832a386f0e58222b08c19e-3\"><\/div><div class=\"hotspot\" style=\"top: 78.31%; left: 75.4%;\" id=\"block_ab8fdab183832a386f0e58222b08c19e-4\"><\/div><\/div><\/figure>\n<script>\n    \n      tippy('#block_ab8fdab183832a386f0e58222b08c19e-1', {\n        content: '<p><strong>Advance Transfer Tool<\/strong><\/p><p>V\u00e5ra korrosionsfria \u00f6verf\u00f6ringsverktyg i polyamid \u00e4r konstruerade f\u00f6r l\u00e5ng livsl\u00e4ngd, tar bort flaskhalsen vid borrning och s\u00e4kerst\u00e4ller en kalkfri livscykel i vattenintensiv produktion.<\/p>',\n        allowHTML: true,\n        placement: 'bottom-start',\n        trigger: 'click',\n        arrow: false,\n        interactive: true,\n        interactiveDebounce: 75,\n        theme: 'prototal',\n      });\n\n    \n      tippy('#block_ab8fdab183832a386f0e58222b08c19e-2', {\n        content: '<p><strong>Molded Fiber Part<\/strong><\/p><p>F\u00f6rpackningar konstruerade f\u00f6r den cirkul\u00e4ra ekonomin.<\/p>',\n        allowHTML: true,\n        placement: 'bottom-start',\n        trigger: 'click',\n        arrow: false,\n        interactive: true,\n        interactiveDebounce: 75,\n        theme: 'prototal',\n      });\n\n    \n      tippy('#block_ab8fdab183832a386f0e58222b08c19e-3', {\n        content: '<p><strong>Smartsk\u00e4rm<\/strong><\/p><p>Digitalt optimerade sk\u00e4rmar med snabbv\u00e4xlingsteknik. Dessa komponenter \u00e4r tillverkade av PA 11 som \u00e4r motst\u00e5ndskraftigt mot korrosion och f\u00f6rkalkning, vilket minimerar stillest\u00e5ndstiden och kr\u00e4ver betydligt mindre underh\u00e5ll \u00e4n traditionella vattenintensiva system. <\/p>',\n        allowHTML: true,\n        placement: 'bottom-start',\n        trigger: 'click',\n        arrow: false,\n        interactive: true,\n        interactiveDebounce: 75,\n        theme: 'prototal',\n      });\n\n    \n      tippy('#block_ab8fdab183832a386f0e58222b08c19e-4', {\n        content: '<p><strong>Avancerad formkropp<\/strong><\/p><p>Precisionstillverkade formningsverktyg som kringg\u00e5r traditionella krav p\u00e5 borrning och sektionering. Verktygen \u00e4r tillverkade av PA 11 och \u00e4r 100% korrosions- och kalkbest\u00e4ndiga f\u00f6r underh\u00e5llsfri drift i vatten. <\/p>',\n        allowHTML: true,\n        placement: 'bottom-start',\n        trigger: 'click',\n        arrow: false,\n        interactive: true,\n        interactiveDebounce: 75,\n        theme: 'prototal',\n      });\n\n    <\/script>\n\n<\/div><\/div>\n\n<div style=\"height:125px\" aria-hidden=\"true\" class=\"wp-block-spacer\"><\/div>\n<div id=\"block_e6be0268a1b445ffce5827577b389d02\" class=\"quote-carousel alignwide\">\n    <div class=\"quote-carousel-wrapper swiper \" style=\"background-color: ;\" data-carousel-id=\"block_e6be0268a1b445ffce5827577b389d02\">\n        <div class=\"swiper-wrapper\">\n                            <div class=\"swiper-slide\">\n                   \n                        <div class=\"quote-column \">\n                            \n                                                            <h2 class=\"quote-title\">Det h\u00e4r \u00e4r inte bara ett verktyg, det \u00e4r infrastrukturen f\u00f6r en cirkul\u00e4r ekonomi.<\/h2>\n                                                        \n                                                            <div class=\"quote-text\">\n                                    <p>I det globala skiftet mot h\u00e5llbarhet \u00e4r f\u00f6rpackningen inte l\u00e4ngre bara en beh\u00e5llare &#8211; det \u00e4r ett varum\u00e4rkes \u00e5tagande f\u00f6r framtiden.<\/p>\n<p>Genom att ta bort de traditionella hindren med l\u00e5nga ledtider och geometriska begr\u00e4nsningar g\u00f6r vi det m\u00f6jligt f\u00f6r v\u00e5ra partners att \u00f6verg\u00e5 fr\u00e5n plast till fiber i industriell skala och f\u00f6rvandla h\u00e5llbarhet fr\u00e5n en f\u00f6retagsutmaning till en konkurrensf\u00f6rdel.<\/p>\n<p>&#8211; Henrik Lundell, Global Sales Director p\u00e5 Prototal Group<\/p>\n                                <\/div>\n                                                    <\/div>\n                        \n                        <div class=\"image-column\">\n                            \n                                                            <figure>\n                                    <img loading=\"lazy\" decoding=\"async\" width=\"480\" height=\"480\" src=\"https:\/\/prototal.info\/app\/uploads\/2025\/12\/contact-photos-group-henrik.avif\" class=\"attachment-full size-full not-transparent\" alt=\"\" srcset=\"https:\/\/prototal.info\/app\/uploads\/2025\/12\/contact-photos-group-henrik.avif 480w, https:\/\/prototal.info\/app\/uploads\/2025\/12\/contact-photos-group-henrik-300x300.avif 300w, https:\/\/prototal.info\/app\/uploads\/2025\/12\/contact-photos-group-henrik-150x150.avif 150w\" sizes=\"auto, (max-width: 480px) 100vw, 480px\" data-has-transparency=\"false\" data-dominant-color=\"575b63\" style=\"--dominant-color: #575b63;\" \/>                                <\/figure>\n                                                    <\/div>\n              \n                <\/div>\n                        <\/div>\n        \n        <div class=\"swiper-button-next\"><\/div>\n        <div class=\"swiper-button-prev\"><\/div>\n    <\/div>\n    <\/div>\n\n\n<div style=\"height:150px\" aria-hidden=\"true\" class=\"wp-block-spacer\"><\/div>\n\n<h2 class=\"wp-block-heading\">F\u00f6rpackningar konstruerade f\u00f6r vision\u00e4rer<\/h2>\n\n<div style=\"height:15px\" aria-hidden=\"true\" class=\"wp-block-spacer\"><\/div>\n\n<div class=\"wp-block-group rows-card-block is-layout-constrained wp-block-group-is-layout-constrained\">\n<div class=\"wp-block-columns is-layout-flex wp-container-core-columns-is-layout-28f84493 wp-block-columns-is-layout-flex\">\n<div class=\"wp-block-column is-vertically-aligned-stretch has-light-blue-background-color has-background is-layout-flow wp-block-column-is-layout-flow\" style=\"border-radius:10px;padding-right:0;padding-bottom:var(--wp--preset--spacing--20);padding-left:0\">\n<figure class=\"wp-block-image size-full has-custom-border\"><img data-dominant-color=\"75554a\" data-has-transparency=\"false\" loading=\"lazy\" decoding=\"async\" width=\"1600\" height=\"1200\" sizes=\"auto, (max-width: 1600px) 100vw, 1600px\" src=\"https:\/\/prototal.info\/app\/uploads\/2026\/01\/egg-tray.avif\" alt=\"\" class=\"wp-image-7182 not-transparent\" style=\"--dominant-color: #75554a; border-top-left-radius:10px;border-top-right-radius:10px;aspect-ratio:16\/9;object-fit:cover\" srcset=\"https:\/\/prototal.info\/app\/uploads\/2026\/01\/egg-tray.avif 1600w, https:\/\/prototal.info\/app\/uploads\/2026\/01\/egg-tray-300x225.avif 300w, https:\/\/prototal.info\/app\/uploads\/2026\/01\/egg-tray-1024x768.avif 1024w, https:\/\/prototal.info\/app\/uploads\/2026\/01\/egg-tray-768x576.avif 768w, https:\/\/prototal.info\/app\/uploads\/2026\/01\/egg-tray-1536x1152.avif 1536w\" \/><\/figure>\n\n\n\n<h3 class=\"wp-block-heading has-black-color has-text-color has-link-color wp-elements-6992ec7d99eab0fccb874d584279ca29\" style=\"padding-right:var(--wp--preset--spacing--20);padding-left:var(--wp--preset--spacing--20)\">Livsmedelsr\u00e5varor med h\u00f6g volym<\/h3>\n\n\n\n<p style=\"padding-right:var(--wp--preset--spacing--20);padding-left:var(--wp--preset--spacing--20)\">Inom den snabbr\u00f6rliga livsmedelssektorn \u00e4r effektivitet och tillf\u00f6rlitlighet av st\u00f6rsta vikt. Vi tillhandah\u00e5ller den infrastruktur i industriell skala som kr\u00e4vs f\u00f6r h\u00f6gvolymproduktion av viktiga produkter som \u00e4ggtr\u00e5g, kartonger och h\u00e5llbara muggh\u00e5llare.   <\/p>\n\n\n\n<p style=\"padding-right:var(--wp--preset--spacing--20);padding-left:var(--wp--preset--spacing--20)\">Genom att optimera recept och verktyg f\u00f6r dessa specifika produkter hj\u00e4lper vi tillverkarna att minska ledtiderna och \u00f6ka den totala produktiviteten utan att g\u00f6ra avkall p\u00e5 den strukturella integritet som kr\u00e4vs f\u00f6r h\u00f6ghastighetslogistik.<\/p>\n<\/div>\n\n\n\n<div class=\"wp-block-column is-vertically-aligned-stretch has-light-blue-background-color has-background is-layout-flow wp-block-column-is-layout-flow\" style=\"border-radius:10px;padding-right:0;padding-bottom:var(--wp--preset--spacing--20);padding-left:0\">\n<figure class=\"wp-block-image size-full has-custom-border\"><img loading=\"lazy\" decoding=\"async\" width=\"1600\" height=\"1200\" sizes=\"auto, (max-width: 1600px) 100vw, 1600px\" src=\"https:\/\/prototal.info\/app\/uploads\/2026\/03\/coffee-capsule-molded-pulp.avif\" alt=\"\" class=\"wp-image-9368\" style=\"border-top-left-radius:10px;border-top-right-radius:10px;aspect-ratio:16\/9;object-fit:cover\"\/><\/figure>\n\n\n\n<h3 class=\"wp-block-heading has-black-color has-text-color has-link-color wp-elements-42899490644566a49aed1ff2475e2f81\" style=\"padding-right:var(--wp--preset--spacing--20);padding-left:var(--wp--preset--spacing--20)\">N\u00e4sta generations livsmedels- och dryckesf\u00f6rpackningar<\/h3>\n\n\n\n<p style=\"padding-right:var(--wp--preset--spacing--20);padding-left:var(--wp--preset--spacing--20)\">Marknaden f\u00f6r &#8221;New Food&#8221; kr\u00e4ver f\u00f6rpackningar som fungerar som en premiumvarum\u00e4rkesambassad\u00f6r samtidigt som de uppfyller strikta h\u00e5llbarhetsm\u00e5l. Vi m\u00f6jligg\u00f6r produktion av komplexa produkter med h\u00f6g precision, t.ex. lock, muggar, matbrickor och kaffekapslar.   <\/p>\n\n\n\n<p style=\"padding-right:var(--wp--preset--spacing--20);padding-left:var(--wp--preset--spacing--20)\">Med hj\u00e4lp av v\u00e5ra digitala verktyg och MJF-perforeringsoptimering uppn\u00e5r vi de sn\u00e4va toleranser och sofistikerade geometrier som kr\u00e4vs f\u00f6r dessa konsumentinriktade produkter och omvandlar h\u00e5llbarhet till en m\u00e4tbar konkurrensf\u00f6rdel.<\/p>\n<\/div>\n\n\n\n<div class=\"wp-block-column is-vertically-aligned-stretch has-light-blue-background-color has-background is-layout-flow wp-block-column-is-layout-flow\" style=\"border-radius:10px;padding-right:0;padding-bottom:var(--wp--preset--spacing--20);padding-left:0\">\n<figure class=\"wp-block-image size-full has-custom-border\"><img loading=\"lazy\" decoding=\"async\" width=\"1600\" height=\"1200\" sizes=\"auto, (max-width: 1600px) 100vw, 1600px\" src=\"https:\/\/prototal.info\/app\/uploads\/2026\/03\/molded-fiber-hp-desktop-mini-2.avif\" alt=\"\" class=\"wp-image-9333\" style=\"border-top-left-radius:10px;border-top-right-radius:10px;aspect-ratio:16\/9;object-fit:cover\"\/><\/figure>\n\n\n\n<h3 class=\"wp-block-heading has-black-color has-text-color has-link-color wp-elements-1f0f1b125e42a3f4b1c16b9b6de46e06\" style=\"padding-right:var(--wp--preset--spacing--20);padding-left:var(--wp--preset--spacing--20)\">Industriella och tekniska f\u00f6rpackningar<\/h3>\n\n\n\n<p style=\"padding-right:var(--wp--preset--spacing--20);padding-left:var(--wp--preset--spacing--20)\">F\u00f6r industri- och kosmetikasektorerna m\u00e5ste f\u00f6rpackningarna ge maximalt skydd med minimal milj\u00f6p\u00e5verkan. V\u00e5r l\u00f6sning g\u00f6r det m\u00f6jligt att skapa anpassade skyddsf\u00f6rpackningar och avancerade kosmetikainl\u00e4gg som ger \u00f6verl\u00e4gsen st\u00f6td\u00e4mpning och estetisk finish.   <\/p>\n\n\n\n<p style=\"padding-right:var(--wp--preset--spacing--20);padding-left:var(--wp--preset--spacing--20)\">Genom att anv\u00e4nda zonbaserad grammatikkontroll och avancerade MJF-maskor minskar vi vikten och de r\u00f6rliga kostnaderna samtidigt som vi ser till att k\u00e4nslig elektronik eller lyxvaror f\u00f6rblir helt s\u00e4kra under transporten.<\/p>\n<\/div>\n<\/div>\n<\/div>\n\n<div style=\"height:200px\" aria-hidden=\"true\" class=\"wp-block-spacer\"><\/div>\n\n<div class=\"wp-block-media-text has-media-on-the-right is-stacked-on-mobile is-vertically-aligned-center\"><div class=\"wp-block-media-text__content\">\n<h3 class=\"wp-block-heading\">Teknik f\u00f6r massarecept: Den vetenskapliga grunden f\u00f6r fiberprestanda<\/h3>\n\n\n\n<p>Framg\u00e5ngen f\u00f6r en gjuten fiberl\u00f6sning b\u00f6rjar med massans molekyl\u00e4ra integritet. P\u00e5 v\u00e5rt dedikerade Molded Fiber Lab i Malm\u00f6 behandlar vi fibersammans\u00e4ttningen som en precisionstillverkad variabel och optimerar blandningen f\u00f6r att uppfylla specifika mekaniska och estetiska krav.   <\/p>\n\n\n\n<p>Genom att kalibrera f\u00f6rh\u00e5llandet mellan fiber och vatten samt tillsatserna uppn\u00e5r vi en \u00f6verl\u00e4gsen receptoptimering som direkt f\u00f6rb\u00e4ttrar formningseffektiviteten och avvattningshastigheten.<\/p>\n<\/div><figure class=\"wp-block-media-text__media\"><img loading=\"lazy\" decoding=\"async\" width=\"1600\" height=\"1200\" src=\"https:\/\/prototal.info\/app\/uploads\/2026\/03\/molded-fiber-hp-desktop-mini-3.avif\" alt=\"\" class=\"wp-image-9341 size-full\"\/><\/figure><\/div>\n\n<div style=\"height:200px\" aria-hidden=\"true\" class=\"wp-block-spacer\"><\/div>\n\n<div class=\"wp-block-group is-content-justification-center is-layout-constrained wp-container-core-group-is-layout-3f1f4d87 wp-block-group-is-layout-constrained\" style=\"border-radius:20px;padding-top:0;padding-right:0;padding-bottom:0;padding-left:0\">\n<div class=\"wp-block-group has-light-blue-background-color has-background is-content-justification-center is-layout-constrained wp-container-core-group-is-layout-9f56d254 wp-block-group-is-layout-constrained\" style=\"border-radius:20px;padding-top:var(--wp--preset--spacing--80);padding-right:var(--wp--preset--spacing--80);padding-bottom:var(--wp--preset--spacing--80);padding-left:var(--wp--preset--spacing--80)\">\n<h2 class=\"wp-block-heading has-dark-blue-color has-text-color has-link-color wp-elements-867393f7594f7a433349c3de23075dcf\" id=\"headline-779-2908\">Din kompletta f\u00f6rpackningspartner<\/h2>\n\n\n\n<p class=\"has-black-color has-text-color has-link-color wp-elements-9a2b20830b87aff95d5674dc17fd5eb1\">Fr\u00e5n digitala verktyg med h\u00f6g precision till materialproduktion i industriell skala tillhandah\u00e5ller Prototal den integrerade infrastrukturen f\u00f6r den cirkul\u00e4ra ekonomin. Vi \u00f6verbryggar gapet mellan koncept och leverans, vilket m\u00f6jligg\u00f6r en s\u00f6ml\u00f6s \u00f6verg\u00e5ng fr\u00e5n plast till fiber med o\u00f6vertr\u00e4ffad hastighet och geometrisk frihet. <\/p>\n<\/div>\n<\/div>\n\n<div style=\"height:200px\" aria-hidden=\"true\" class=\"wp-block-spacer\"><\/div>\n\n<div id=\"block_9073ca19d9139d4fc1a7f472e2909593\" class=\"prototal-3d-print-guide prototal-3d-print-guide-left alignfull\">\n\n\n    <div class=\"prototal-3d-print-guide-inner\">\n                    <div class=\"prototal-3d-print-guide-image-column\">\n                                    <div class=\"image-wrapper\">\n                        <figure>\n                            <img loading=\"lazy\" decoding=\"async\" width=\"1\" height=\"1\" src=\"https:\/\/prototal.info\/app\/uploads\/2025\/11\/spec_icon.svg\" class=\"attachment-full size-full\" alt=\"\" \/>                        <\/figure>\n                    <\/div>\n                            <\/div>\n            <div class=\"prototal-3d-print-guide-content-column\">\n                <div class=\"acf-innerblocks-container\">\n\n<h2 class=\"wp-block-heading\">Revision av projekt f\u00f6r gjuten fiber<\/h2>\n\n\n\n<p>\u00d6verg\u00e5ngen fr\u00e5n traditionella n\u00e4t till h\u00f6gpresterande digitala verktyg kr\u00e4ver en exakt anpassning av geometri och materialvetenskap. Ladda ner v\u00e5rt tekniska fr\u00e5geformul\u00e4r f\u00f6r att f\u00f6rse v\u00e5ra experter med de kritiska parametrarna i ditt projekt.   <\/p>\n\n\n\n<div class=\"wp-block-buttons is-layout-flex wp-block-buttons-is-layout-flex\">\n<div class=\"wp-block-button\"><a class=\"wp-block-button__link wp-element-button\" href=\"https:\/\/prototal.info\/app\/uploads\/2026\/03\/prototal_moleded_fiber_project_audit.pdf\">Download<\/a><\/div>\n<\/div>\n\n<\/div>\n            <\/div>\n            <\/div>\n<\/div>\n\n\n<div style=\"height:200px\" aria-hidden=\"true\" class=\"wp-block-spacer\"><\/div>\n\n<div class=\"wp-block-group alignfull has-light-blue-background-color has-background is-layout-constrained wp-container-core-group-is-layout-10bc4538 wp-block-group-is-layout-constrained\" style=\"padding-top:var(--wp--preset--spacing--80);padding-right:var(--wp--preset--spacing--80);padding-bottom:var(--wp--preset--spacing--80);padding-left:var(--wp--preset--spacing--80)\">\n<div class=\"wp-block-columns is-layout-flex wp-container-core-columns-is-layout-28f84493 wp-block-columns-is-layout-flex\">\n<div class=\"wp-block-column has-white-background-color has-background is-layout-flow wp-block-column-is-layout-flow\" style=\"border-radius:1em;padding-top:var(--wp--preset--spacing--50);padding-right:var(--wp--preset--spacing--50);padding-bottom:var(--wp--preset--spacing--50);padding-left:var(--wp--preset--spacing--50)\">\n<h2 class=\"wp-block-heading\">Ge liv \u00e5t din f\u00f6rpackningsdesign<\/h2>\n\n\n<script type=\"text\/javascript\">\n\/* <![CDATA[ *\/\nvar gform;gform||(document.addEventListener(\"gform_main_scripts_loaded\",function(){gform.scriptsLoaded=!0}),document.addEventListener(\"gform\/theme\/scripts_loaded\",function(){gform.themeScriptsLoaded=!0}),window.addEventListener(\"DOMContentLoaded\",function(){gform.domLoaded=!0}),gform={domLoaded:!1,scriptsLoaded:!1,themeScriptsLoaded:!1,isFormEditor:()=>\"function\"==typeof InitializeEditor,callIfLoaded:function(o){return!(!gform.domLoaded||!gform.scriptsLoaded||!gform.themeScriptsLoaded&&!gform.isFormEditor()||(gform.isFormEditor()&&console.warn(\"The use of gform.initializeOnLoaded() is deprecated in the form editor context and will be removed in Gravity Forms 3.1.\"),o(),0))},initializeOnLoaded:function(o){gform.callIfLoaded(o)||(document.addEventListener(\"gform_main_scripts_loaded\",()=>{gform.scriptsLoaded=!0,gform.callIfLoaded(o)}),document.addEventListener(\"gform\/theme\/scripts_loaded\",()=>{gform.themeScriptsLoaded=!0,gform.callIfLoaded(o)}),window.addEventListener(\"DOMContentLoaded\",()=>{gform.domLoaded=!0,gform.callIfLoaded(o)}))},hooks:{action:{},filter:{}},addAction:function(o,r,e,t){gform.addHook(\"action\",o,r,e,t)},addFilter:function(o,r,e,t){gform.addHook(\"filter\",o,r,e,t)},doAction:function(o){gform.doHook(\"action\",o,arguments)},applyFilters:function(o){return gform.doHook(\"filter\",o,arguments)},removeAction:function(o,r){gform.removeHook(\"action\",o,r)},removeFilter:function(o,r,e){gform.removeHook(\"filter\",o,r,e)},addHook:function(o,r,e,t,n){null==gform.hooks[o][r]&&(gform.hooks[o][r]=[]);var d=gform.hooks[o][r];null==n&&(n=r+\"_\"+d.length),gform.hooks[o][r].push({tag:n,callable:e,priority:t=null==t?10:t})},doHook:function(r,o,e){var t;if(e=Array.prototype.slice.call(e,1),null!=gform.hooks[r][o]&&((o=gform.hooks[r][o]).sort(function(o,r){return o.priority-r.priority}),o.forEach(function(o){\"function\"!=typeof(t=o.callable)&&(t=window[t]),\"action\"==r?t.apply(null,e):e[0]=t.apply(null,e)})),\"filter\"==r)return e[0]},removeHook:function(o,r,t,n){var e;null!=gform.hooks[o][r]&&(e=(e=gform.hooks[o][r]).filter(function(o,r,e){return!!(null!=n&&n!=o.tag||null!=t&&t!=o.priority)}),gform.hooks[o][r]=e)}});\n\/* ]]> *\/\n<\/script>\n\n                <div class='gf_browser_gecko gform_wrapper gform-theme gform-theme--foundation gform-theme--framework gform-theme--orbital' data-form-theme='orbital' data-form-index='0' id='gform_wrapper_14' ><style>#gform_wrapper_14[data-form-index=\"0\"].gform-theme,[data-parent-form=\"14_0\"]{--gf-color-primary: #307FE2;--gf-color-primary-rgb: 48, 127, 226;--gf-color-primary-contrast: #fff;--gf-color-primary-contrast-rgb: 255, 255, 255;--gf-color-primary-darker: #004DB0;--gf-color-primary-lighter: #62B1FF;--gf-color-secondary: #F5FBFF;--gf-color-secondary-rgb: 245, 251, 255;--gf-color-secondary-contrast: #112337;--gf-color-secondary-contrast-rgb: 17, 35, 55;--gf-color-secondary-darker: #EBF1F5;--gf-color-secondary-lighter: #FFFFFF;--gf-color-out-ctrl-light: rgba(17, 35, 55, 0.1);--gf-color-out-ctrl-light-rgb: 17, 35, 55;--gf-color-out-ctrl-light-darker: rgba(229, 229, 229, 0.35);--gf-color-out-ctrl-light-lighter: #EBF1F5;--gf-color-out-ctrl-dark: #585e6a;--gf-color-out-ctrl-dark-rgb: 88, 94, 106;--gf-color-out-ctrl-dark-darker: #112337;--gf-color-out-ctrl-dark-lighter: rgba(17, 35, 55, 0.65);--gf-color-in-ctrl: #F5FBFF;--gf-color-in-ctrl-rgb: 245, 251, 255;--gf-color-in-ctrl-contrast: #112337;--gf-color-in-ctrl-contrast-rgb: 17, 35, 55;--gf-color-in-ctrl-darker: #EBF1F5;--gf-color-in-ctrl-lighter: #FFFFFF;--gf-color-in-ctrl-primary: #153C6F;--gf-color-in-ctrl-primary-rgb: 21, 60, 111;--gf-color-in-ctrl-primary-contrast: #fff;--gf-color-in-ctrl-primary-contrast-rgb: 255, 255, 255;--gf-color-in-ctrl-primary-darker: #000A3D;--gf-color-in-ctrl-primary-lighter: #476EA1;--gf-color-in-ctrl-light: rgba(17, 35, 55, 0.1);--gf-color-in-ctrl-light-rgb: 17, 35, 55;--gf-color-in-ctrl-light-darker: rgba(229, 229, 229, 0.35);--gf-color-in-ctrl-light-lighter: #EBF1F5;--gf-color-in-ctrl-dark: #585e6a;--gf-color-in-ctrl-dark-rgb: 88, 94, 106;--gf-color-in-ctrl-dark-darker: #112337;--gf-color-in-ctrl-dark-lighter: rgba(17, 35, 55, 0.65);--gf-radius: 8px;--gf-font-size-secondary: 13px;--gf-font-size-tertiary: 13px;--gf-icon-ctrl-number: url(\"data:image\/svg+xml,%3Csvg width='8' height='14' viewBox='0 0 8 14' fill='none' xmlns='http:\/\/www.w3.org\/2000\/svg'%3E%3Cpath fill-rule='evenodd' clip-rule='evenodd' d='M4 0C4.26522 5.96046e-08 4.51957 0.105357 4.70711 0.292893L7.70711 3.29289C8.09763 3.68342 8.09763 4.31658 7.70711 4.70711C7.31658 5.09763 6.68342 5.09763 6.29289 4.70711L4 2.41421L1.70711 4.70711C1.31658 5.09763 0.683417 5.09763 0.292893 4.70711C-0.0976311 4.31658 -0.097631 3.68342 0.292893 3.29289L3.29289 0.292893C3.48043 0.105357 3.73478 0 4 0ZM0.292893 9.29289C0.683417 8.90237 1.31658 8.90237 1.70711 9.29289L4 11.5858L6.29289 9.29289C6.68342 8.90237 7.31658 8.90237 7.70711 9.29289C8.09763 9.68342 8.09763 10.3166 7.70711 10.7071L4.70711 13.7071C4.31658 14.0976 3.68342 14.0976 3.29289 13.7071L0.292893 10.7071C-0.0976311 10.3166 -0.0976311 9.68342 0.292893 9.29289Z' fill='rgba(17, 35, 55, 0.65)'\/%3E%3C\/svg%3E\");--gf-icon-ctrl-select: url(\"data:image\/svg+xml,%3Csvg width='10' height='6' viewBox='0 0 10 6' fill='none' xmlns='http:\/\/www.w3.org\/2000\/svg'%3E%3Cpath fill-rule='evenodd' clip-rule='evenodd' d='M0.292893 0.292893C0.683417 -0.097631 1.31658 -0.097631 1.70711 0.292893L5 3.58579L8.29289 0.292893C8.68342 -0.0976311 9.31658 -0.0976311 9.70711 0.292893C10.0976 0.683417 10.0976 1.31658 9.70711 1.70711L5.70711 5.70711C5.31658 6.09763 4.68342 6.09763 4.29289 5.70711L0.292893 1.70711C-0.0976311 1.31658 -0.0976311 0.683418 0.292893 0.292893Z' fill='rgba(17, 35, 55, 0.65)'\/%3E%3C\/svg%3E\");--gf-icon-ctrl-search: url(\"data:image\/svg+xml,%3Csvg width='640' height='640' xmlns='http:\/\/www.w3.org\/2000\/svg'%3E%3Cpath d='M256 128c-70.692 0-128 57.308-128 128 0 70.691 57.308 128 128 128 70.691 0 128-57.309 128-128 0-70.692-57.309-128-128-128zM64 256c0-106.039 85.961-192 192-192s192 85.961 192 192c0 41.466-13.146 79.863-35.498 111.248l154.125 154.125c12.496 12.496 12.496 32.758 0 45.254s-32.758 12.496-45.254 0L367.248 412.502C335.862 434.854 297.467 448 256 448c-106.039 0-192-85.962-192-192z' fill='rgba(17, 35, 55, 0.65)'\/%3E%3C\/svg%3E\");--gf-label-space-y-secondary: var(--gf-label-space-y-md-secondary);--gf-ctrl-border-color: #E5E5E5;--gf-ctrl-size: var(--gf-ctrl-size-md);--gf-ctrl-label-color-primary: #112337;--gf-ctrl-label-color-secondary: #112337;--gf-ctrl-choice-size: var(--gf-ctrl-choice-size-md);--gf-ctrl-checkbox-check-size: var(--gf-ctrl-checkbox-check-size-md);--gf-ctrl-radio-check-size: var(--gf-ctrl-radio-check-size-md);--gf-ctrl-btn-font-size: var(--gf-ctrl-btn-font-size-md);--gf-ctrl-btn-padding-x: var(--gf-ctrl-btn-padding-x-md);--gf-ctrl-btn-size: var(--gf-ctrl-btn-size-md);--gf-ctrl-btn-border-color-secondary: #E5E5E5;--gf-ctrl-file-btn-bg-color-hover: #E1E7EB;--gf-field-img-choice-size: var(--gf-field-img-choice-size-md);--gf-field-img-choice-card-space: var(--gf-field-img-choice-card-space-md);--gf-field-img-choice-check-ind-size: var(--gf-field-img-choice-check-ind-size-md);--gf-field-img-choice-check-ind-icon-size: var(--gf-field-img-choice-check-ind-icon-size-md);--gf-field-pg-steps-number-color: rgba(17, 35, 55, 0.8);}<\/style>\n                        <div class='gform_heading'>\n                            <p class='gform_description'><\/p>\n\t\t\t\t\t\t\t<p class='gform_required_legend'>\u201d<span class=\"gfield_required gfield_required_asterisk\">*<\/span>\u201d anger obligatoriska f\u00e4lt<\/p>\n                        <\/div><form method='post' enctype='multipart\/form-data'  id='gform_14'  action='\/se\/wp-json\/wp\/v2\/pages\/11709' data-formid='14' novalidate><div class='gf_invisible ginput_recaptchav3'  data-tabindex='0'><input id=\"input_75fb1b0daf591f5cd210a7467614b9ef\" class=\"gfield_recaptcha_response\" type=\"hidden\" name=\"input_75fb1b0daf591f5cd210a7467614b9ef\" value=\"\"\/><\/div>\n                        <div class='gform-body gform_body'><div id='gform_fields_14' class='gform_fields top_label form_sublabel_below description_below validation_below'><div id=\"field_14_11\" class=\"gfield gfield--type-text gfield--input-type-text gfield--width-half field_sublabel_below gfield--no-description field_description_below field_validation_below gfield_visibility_visible\"  ><label class='gfield_label gform-field-label' for='input_14_11'>F\u00f6r- och efternamn<\/label><div class='ginput_container ginput_container_text'><input name='input_11' id='input_14_11' type='text' value='' class='large'      aria-invalid=\"false\"   \/><\/div><\/div><div id=\"field_14_3\" class=\"gfield gfield--type-text gfield--input-type-text gfield--width-half field_sublabel_below gfield--no-description field_description_below field_validation_below gfield_visibility_visible\"  ><label class='gfield_label gform-field-label' for='input_14_3'>F\u00f6retag<\/label><div class='ginput_container ginput_container_text'><input name='input_3' id='input_14_3' type='text' value='' class='large'      aria-invalid=\"false\"   \/><\/div><\/div><div id=\"field_14_17\" class=\"gfield gfield--type-email gfield--input-type-email gfield--width-half gfield_contains_required field_sublabel_below gfield--no-description field_description_below field_validation_below gfield_visibility_visible\"  ><label class='gfield_label gform-field-label' for='input_14_17'>Jobbmejl<span class=\"gfield_required\"><span class=\"gfield_required gfield_required_asterisk\">*<\/span><\/span><\/label><div class='ginput_container ginput_container_email'>\n                            <input name='input_17' id='input_14_17' type='email' value='' class='large'    aria-required=\"true\" aria-invalid=\"false\"  \/>\n                        <\/div><\/div><div id=\"field_14_9\" class=\"gfield gfield--type-text gfield--input-type-text gfield--width-half field_sublabel_below gfield--no-description field_description_below field_validation_below gfield_visibility_visible\"  ><label class='gfield_label gform-field-label' for='input_14_9'>Telefonnummer<\/label><div class='ginput_container ginput_container_text'><input name='input_9' id='input_14_9' type='text' value='' class='large'      aria-invalid=\"false\"   \/><\/div><\/div><div id=\"field_14_6\" class=\"gfield gfield--type-textarea gfield--input-type-textarea gfield--width-full field_sublabel_below gfield--no-description field_description_below field_validation_below gfield_visibility_visible\"  ><label class='gfield_label gform-field-label' for='input_14_6'>Meddelande<\/label><div class='ginput_container ginput_container_textarea'><textarea name='input_6' id='input_14_6' class='textarea small'      aria-invalid=\"false\"   rows='10' cols='50'><\/textarea><\/div><\/div><fieldset id=\"field_14_13\" class=\"gfield gfield--type-consent gfield--type-choice gfield--input-type-consent gfield_contains_required field_sublabel_below gfield--no-description field_description_below field_validation_below gfield_visibility_visible\"  ><legend class='gfield_label gform-field-label gfield_label_before_complex' >Integritetspolicy<span class=\"gfield_required\"><span class=\"gfield_required gfield_required_asterisk\">*<\/span><\/span><\/legend><div class='ginput_container ginput_container_consent'><input name='input_13.1' id='input_14_13_1' type='checkbox' value='1'   aria-required=\"true\" aria-invalid=\"false\"   \/> <label class=\"gform-field-label gform-field-label--type-inline gfield_consent_label\" for='input_14_13_1' >Jag samtycker till behandlingen av mina uppgifter i syfte att hantera denna f\u00f6rfr\u00e5gan.<\/label><input type='hidden' name='input_13.2' value='Jag samtycker till behandlingen av mina uppgifter i syfte att hantera denna f\u00f6rfr\u00e5gan.' class='gform_hidden' \/><input type='hidden' name='input_13.3' value='9' class='gform_hidden' \/><\/div><\/fieldset><fieldset id=\"field_14_14\" class=\"gfield gfield--type-checkbox gfield--type-choice gfield--input-type-checkbox field_sublabel_below gfield--no-description field_description_below field_validation_below gfield_visibility_visible\"  ><legend class='gfield_label gform-field-label gfield_label_before_complex' >Nyhetsbrev<\/legend><div class='ginput_container ginput_container_checkbox'><div class='gfield_checkbox ' id='input_14_14'><div class='gchoice gchoice_14_14_1'>\n\t\t\t\t\t\t\t\t<input class='gfield-choice-input' name='input_14.1' type='checkbox'  value='Sign me up for bi-monthly newsletter for manufacturing insights and tech updates'  id='choice_14_14_1'   \/>\n\t\t\t\t\t\t\t\t<label for='choice_14_14_1' id='label_14_14_1' class='gform-field-label gform-field-label--type-inline'>Registrera mig f\u00f6r ett nyhetsbrev varannan m\u00e5nad med insikter om tillverkning och med tekniska uppdateringar.<\/label>\n\t\t\t\t\t\t\t<\/div><\/div><\/div><\/fieldset><div id=\"field_14_15\" class=\"gfield gfield--type-hidden gfield--input-type-hidden gform_hidden field_sublabel_below gfield--no-description field_description_below field_validation_below gfield_visibility_visible\"  ><div class='ginput_container ginput_container_text'><input name='input_15' id='input_14_15' type='hidden' class='gform_hidden'  aria-invalid=\"false\" value='https:\/\/prototal.info\/se\/wp-json\/wp\/v2\/pages\/11709' \/><\/div><\/div><\/div><\/div>\n        <div class='gform-footer gform_footer top_label'> <input type='submit' id='gform_submit_button_14' class='gform_button button' onclick='gform.submission.handleButtonClick(this);' data-submission-type='submit' value='Skicka'  \/> \n            <input type='hidden' class='gform_hidden' name='gform_submission_method' data-js='gform_submission_method_14' value='postback' \/>\n            <input type='hidden' class='gform_hidden' name='gform_theme' data-js='gform_theme_14' id='gform_theme_14' value='orbital' \/>\n            <input type='hidden' class='gform_hidden' name='gform_style_settings' data-js='gform_style_settings_14' id='gform_style_settings_14' value='{&quot;inputBorderRadius&quot;:&quot;8&quot;,&quot;inputBorderColor&quot;:&quot;#E5E5E5&quot;,&quot;inputBackgroundColor&quot;:&quot;#F5FBFF&quot;,&quot;inputPrimaryColor&quot;:&quot;#153C6F&quot;,&quot;labelFontSize&quot;:&quot;13&quot;,&quot;buttonPrimaryBackgroundColor&quot;:&quot;#307FE2&quot;}' \/>\n            <input type='hidden' class='gform_hidden' name='is_submit_14' value='1' \/>\n            <input type='hidden' class='gform_hidden' name='gform_submit' value='14' \/>\n            \n            <input type='hidden' class='gform_hidden' name='gform_currency' data-currency='SEK' value='hHVprWn4to+zrwrOd3bo6WAxfU1i\/kVGPYxfrtPeqT6M8+fQm42gSBFHb6D8\/gvlkCQXN4p4UmGzA8QP6CYIpRO2KevXBYlKnpWsibmiBpyMkpQ=' \/>\n            <input type='hidden' class='gform_hidden' name='gform_unique_id' value='' \/>\n            <input type='hidden' class='gform_hidden' name='state_14' value='WyJ7XCIxMy4xXCI6XCJiYzE4OTY1MGQxM2M1ZTlmYTZjMGU4ODFlMjFiNTQ1NVwiLFwiMTMuMlwiOlwiNDQyNGFiNTUwMGI1NzcwYmZlMmQ2ODkyZWQxOTBkMzdcIixcIjEzLjNcIjpcImU4MjcwOWEzZjI5NDc0MjJiZDZlNzJkYzgzNjQ3NTUyXCIsXCIxNC4xXCI6XCJlYjE3Y2IwMzUxYTk0ZDAxOTY3NjFiZjVmMDY5YmQxMVwifSIsIjBhZjU2Yzk2NTQ4NmQ5ZTdhN2FhMzdjMzNhMjc4ZDQ3Il0=' \/>\n            <input type='hidden' autocomplete='off' class='gform_hidden' name='gform_target_page_number_14' id='gform_target_page_number_14' value='0' \/>\n            <input type='hidden' autocomplete='off' class='gform_hidden' name='gform_source_page_number_14' id='gform_source_page_number_14' value='1' \/>\n            <input type='hidden' name='gform_field_values' value='' \/>\n            \n        <\/div>\n                        <\/form>\n                        <\/div><script type=\"text\/javascript\">\n\/* <![CDATA[ *\/\n gform.initializeOnLoaded( function() {gformInitSpinner( 14, 'https:\/\/prototal.info\/app\/plugins\/gravityforms\/images\/spinner.svg', false );jQuery('#gform_ajax_frame_14').on('load',function(){var contents = jQuery(this).contents().find('*').html();var is_postback = contents.indexOf('GF_AJAX_POSTBACK') >= 0;if(!is_postback){return;}var form_content = jQuery(this).contents().find('#gform_wrapper_14');var is_confirmation = jQuery(this).contents().find('#gform_confirmation_wrapper_14').length > 0;var is_redirect = contents.indexOf('gformRedirect(){') >= 0;var is_form = form_content.length > 0 && ! is_redirect && ! is_confirmation;var mt = parseInt(jQuery('html').css('margin-top'), 10) + parseInt(jQuery('body').css('margin-top'), 10) + 100;if(is_form){jQuery('#gform_wrapper_14').html(form_content.html());if(form_content.hasClass('gform_validation_error')){jQuery('#gform_wrapper_14').addClass('gform_validation_error');} else {jQuery('#gform_wrapper_14').removeClass('gform_validation_error');}setTimeout( function() { \/* delay the scroll by 50 milliseconds to fix a bug in chrome *\/  }, 50 );if(window['gformInitDatepicker']) {gformInitDatepicker();}if(window['gformInitPriceFields']) {gformInitPriceFields();}var current_page = jQuery('#gform_source_page_number_14').val();gformInitSpinner( 14, 'https:\/\/prototal.info\/app\/plugins\/gravityforms\/images\/spinner.svg', false );jQuery(document).trigger('gform_page_loaded', [14, current_page]);window['gf_submitting_14'] = false;}else if(!is_redirect){var confirmation_content = jQuery(this).contents().find('.GF_AJAX_POSTBACK').html();if(!confirmation_content){confirmation_content = contents;}jQuery('#gform_wrapper_14').replaceWith(confirmation_content);jQuery(document).trigger('gform_confirmation_loaded', [14]);window['gf_submitting_14'] = false;wp.a11y.speak(jQuery('#gform_confirmation_message_14').text());}else{jQuery('#gform_14').append(contents);if(window['gformRedirect']) {gformRedirect();}}jQuery(document).trigger(\"gform_pre_post_render\", [{ formId: \"14\", currentPage: \"current_page\", abort: function() { this.preventDefault(); } }]);        if (event && event.defaultPrevented) {                return;        }        const gformWrapperDiv = document.getElementById( \"gform_wrapper_14\" );        if ( gformWrapperDiv ) {            const visibilitySpan = document.createElement( \"span\" );            visibilitySpan.id = \"gform_visibility_test_14\";            gformWrapperDiv.insertAdjacentElement( \"afterend\", visibilitySpan );        }        const visibilityTestDiv = document.getElementById( \"gform_visibility_test_14\" );        let postRenderFired = false;        function triggerPostRender() {            if ( postRenderFired ) {                return;            }            postRenderFired = true;            gform.core.triggerPostRenderEvents( 14, current_page );            if ( visibilityTestDiv ) {                visibilityTestDiv.parentNode.removeChild( visibilityTestDiv );            }        }        function debounce( func, wait, immediate ) {            var timeout;            return function() {                var context = this, args = arguments;                var later = function() {                    timeout = null;                    if ( !immediate ) func.apply( context, args );                };                var callNow = immediate && !timeout;                clearTimeout( timeout );                timeout = setTimeout( later, wait );                if ( callNow ) func.apply( context, args );            };        }        const debouncedTriggerPostRender = debounce( function() {            triggerPostRender();        }, 200 );        if ( visibilityTestDiv && visibilityTestDiv.offsetParent === null ) {            const observer = new MutationObserver( ( mutations ) => {                mutations.forEach( ( mutation ) => {                    if ( mutation.type === 'attributes' && visibilityTestDiv.offsetParent !== null ) {                        debouncedTriggerPostRender();                        observer.disconnect();                    }                });            });            observer.observe( document.body, {                attributes: true,                childList: false,                subtree: true,                attributeFilter: [ 'style', 'class' ],            });        } else {            triggerPostRender();        }    } );} ); \n\/* ]]> *\/\n<\/script>\n\n\n\n<div style=\"height:15px\" aria-hidden=\"true\" class=\"wp-block-spacer\"><\/div>\n\n\n\n<p class=\"has-small-font-size\" style=\"margin-right:0;margin-left:0;padding-right:0;padding-left:0\">Genom att skicka in detta formul\u00e4r godk\u00e4nner du v\u00e5r <strong><a href=\"https:\/\/www.prototal.info\/se\/integritetspolicy\/\">integritetspolicy<\/a><\/strong>. Vi anv\u00e4nder den information du tillhandah\u00e5ller f\u00f6r att besvara din f\u00f6rfr\u00e5gan och tillhandah\u00e5lla beg\u00e4rda tillverkningstj\u00e4nster. <\/p>\n<\/div>\n\n\n\n<div class=\"wp-block-column is-layout-flow wp-block-column-is-layout-flow\">\n<figure class=\"wp-block-image size-full has-custom-border\"><img data-dominant-color=\"3d3c3e\" data-has-transparency=\"false\" loading=\"lazy\" decoding=\"async\" width=\"1600\" height=\"1200\" sizes=\"auto, (max-width: 1600px) 100vw, 1600px\" src=\"https:\/\/prototal.info\/app\/uploads\/2025\/12\/molded-pulp-mjf-pa11-3.avif\" alt=\"\" class=\"wp-image-3971 not-transparent\" style=\"--dominant-color: #3d3c3e; border-style:none;border-width:0px;border-radius:1em\" srcset=\"https:\/\/prototal.info\/app\/uploads\/2025\/12\/molded-pulp-mjf-pa11-3.avif 1600w, https:\/\/prototal.info\/app\/uploads\/2025\/12\/molded-pulp-mjf-pa11-3-300x225.avif 300w, https:\/\/prototal.info\/app\/uploads\/2025\/12\/molded-pulp-mjf-pa11-3-1024x768.avif 1024w, https:\/\/prototal.info\/app\/uploads\/2025\/12\/molded-pulp-mjf-pa11-3-768x576.avif 768w, https:\/\/prototal.info\/app\/uploads\/2025\/12\/molded-pulp-mjf-pa11-3-1536x1152.avif 1536w\" \/><\/figure>\n<\/div>\n<\/div>\n<\/div>\n\n<div style=\"height:200px\" aria-hidden=\"true\" class=\"wp-block-spacer\"><\/div>\n\n<div class=\"wp-block-group alignfull faq-block is-layout-constrained wp-container-core-group-is-layout-260c30c9 wp-block-group-is-layout-constrained\" style=\"border-radius:0px;padding-top:var(--wp--preset--spacing--80);padding-right:var(--wp--preset--spacing--80);padding-bottom:var(--wp--preset--spacing--80);padding-left:var(--wp--preset--spacing--80)\">\n<div class=\"wp-block-columns is-layout-flex wp-container-core-columns-is-layout-28f84493 wp-block-columns-is-layout-flex\">\n<div class=\"wp-block-column is-layout-flow wp-block-column-is-layout-flow\">\n<h2 class=\"wp-block-heading\">Vanliga fr\u00e5gor (FAQ)<\/h2>\n\n\n\n<p>Har du fr\u00e5gor som beh\u00f6ver besvaras? H\u00e4r hittar du de vanligaste fr\u00e5gorna och svaren. <\/p>\n\n\n\n<div class=\"wp-block-buttons is-layout-flex wp-block-buttons-is-layout-flex\">\n<div class=\"wp-block-button\"><a class=\"wp-block-button__link wp-element-button\" href=\"https:\/\/prototal.info\/se\/kontakt\/\">Projektf\u00f6rfr\u00e5gan<\/a><\/div>\n<\/div>\n<\/div>\n\n\n\n<div class=\"wp-block-column is-layout-flow wp-block-column-is-layout-flow\"><div id=\"block_887cd4df5434ed81eb2962a74b653848\" class=\"prototal-faq-group\" itemscope itemtype=\"https:\/\/schema.org\/FAQPage\">\n    <div class=\"acf-innerblocks-container\">\n<div id=\"block_48323b4639ad112ae0ac858e86983112\" class=\"prototal-faq-item\" itemscope itemprop=\"mainEntity\" itemtype=\"https:\/\/schema.org\/Question\">\n        \n    <h3 class=\"prototal-faq-item-question\" itemprop=\"name\">\n        <button>\n            Hur skiljer sig Prototals end-to-end-modell fr\u00e5n traditionell tillverkning?            <svg xmlns=\"http:\/\/www.w3.org\/2000\/svg\" viewBox=\"0 0 20 20\" fill=\"currentColor\" class=\"size-5\"><path fill-rule=\"evenodd\" d=\"M5.22 8.22a.75.75 0 0 1 1.06 0L10 11.94l3.72-3.72a.75.75 0 1 1 1.06 1.06l-4.25 4.25a.75.75 0 0 1-1.06 0L5.22 9.28a.75.75 0 0 1 0-1.06Z\" clip-rule=\"evenodd\" \/><\/svg>\n        <\/button>\n    <\/h3>\n\n    <div class=\"prototal-faq-item-answer\" itemprop=\"acceptedAnswer\" itemscope itemtype=\"https:\/\/schema.org\/Answer\">\n        <div class=\"prototal-faq-item-answer-content\" itemprop=\"text\">\n            <div class=\"acf-innerblocks-container\">\n\n<p>Vi tillhandah\u00e5ller en vertikalt integrerad infrastruktur d\u00e4r vi hanterar b\u00e5de de digitala h\u00f6gprecisionsverktygen och den slutliga materialproduktionen internt. Detta eliminerar den traditionella friktionen mellan verktygsmakare och producent, vilket s\u00e4kerst\u00e4ller att designintentionen \u00e5terspeglas perfekt i den slutliga delen samtidigt som ledtiderna minskas avsev\u00e4rt. <\/p>\n\n<\/div>        <\/div>\n    <\/div>\n<\/div>\n\n<div id=\"block_de2f8984a245c6fdd4681d42e684bfa4\" class=\"prototal-faq-item\" itemscope itemprop=\"mainEntity\" itemtype=\"https:\/\/schema.org\/Question\">\n        \n    <h3 class=\"prototal-faq-item-question\" itemprop=\"name\">\n        <button>\n            Vad \u00e4r &#8221;Molded Fiber Lab&#8221; i Malm\u00f6?            <svg xmlns=\"http:\/\/www.w3.org\/2000\/svg\" viewBox=\"0 0 20 20\" fill=\"currentColor\" class=\"size-5\"><path fill-rule=\"evenodd\" d=\"M5.22 8.22a.75.75 0 0 1 1.06 0L10 11.94l3.72-3.72a.75.75 0 1 1 1.06 1.06l-4.25 4.25a.75.75 0 0 1-1.06 0L5.22 9.28a.75.75 0 0 1 0-1.06Z\" clip-rule=\"evenodd\" \/><\/svg>\n        <\/button>\n    <\/h3>\n\n    <div class=\"prototal-faq-item-answer\" itemprop=\"acceptedAnswer\" itemscope itemtype=\"https:\/\/schema.org\/Answer\">\n        <div class=\"prototal-faq-item-answer-content\" itemprop=\"text\">\n            <div class=\"acf-innerblocks-container\">\n\n<p>V\u00e5rt Molded Fiber Lab i Malm\u00f6 fungerar som det samlade hj\u00e4rtat i v\u00e5r fiberverksamhet och rymmer hela v\u00e5r end-to-end-infrastruktur under ett och samma tak. H\u00e4r kombinerar vi avancerad materialvetenskap med additiv tillverkning i industriell skala. Vi utf\u00f6r omfattande receptoptimering och kalibrerar fiberblandningar och tillsatser f\u00f6r att uppfylla exakta krav p\u00e5 fuktbest\u00e4ndighet och strukturell integritet.  <\/p>\n\n\n\n<p>Genom att placera v\u00e5r HP MJF 3D-printingflotta i direkt anslutning till v\u00e5rt fiberlaboratorium \u00f6verbryggar vi klyftan mellan digitala verktyg och fysisk produktion. Denna n\u00e4rhet g\u00f6r att v\u00e5ra ingenj\u00f6rer kan testa 0,4 mm perforeringsm\u00f6nster mot anpassade massarecept i realtid, vilket s\u00e4kerst\u00e4ller att varje batch \u00e4r perfekt optimerad f\u00f6r avvattningshastighet och dimensionell noggrannhet innan den n\u00e5r produktionsgolvet. <\/p>\n\n<\/div>        <\/div>\n    <\/div>\n<\/div>\n\n<div id=\"block_70c4f95282e3b6faa2cba6f244423c23\" class=\"prototal-faq-item\" itemscope itemprop=\"mainEntity\" itemtype=\"https:\/\/schema.org\/Question\">\n        \n    <h3 class=\"prototal-faq-item-question\" itemprop=\"name\">\n        <button>\n            Vad \u00e4r den typiska ledtiden f\u00f6r ett nytt f\u00f6rpackningsprojekt?            <svg xmlns=\"http:\/\/www.w3.org\/2000\/svg\" viewBox=\"0 0 20 20\" fill=\"currentColor\" class=\"size-5\"><path fill-rule=\"evenodd\" d=\"M5.22 8.22a.75.75 0 0 1 1.06 0L10 11.94l3.72-3.72a.75.75 0 1 1 1.06 1.06l-4.25 4.25a.75.75 0 0 1-1.06 0L5.22 9.28a.75.75 0 0 1 0-1.06Z\" clip-rule=\"evenodd\" \/><\/svg>\n        <\/button>\n    <\/h3>\n\n    <div class=\"prototal-faq-item-answer\" itemprop=\"acceptedAnswer\" itemscope itemtype=\"https:\/\/schema.org\/Answer\">\n        <div class=\"prototal-faq-item-answer-content\" itemprop=\"text\">\n            <div class=\"acf-innerblocks-container\">\n\n<p>Genom att anv\u00e4nda digitala verktyg kan vi ofta korta ner tiden till prototyp till bara 2-3 veckor. Ledtiderna f\u00f6r slutproduktion beror p\u00e5 detaljgeometri, byggvolym och komplexiteten i det massarecept som utvecklas i v\u00e5rt laboratorium. <\/p>\n\n<\/div>        <\/div>\n    <\/div>\n<\/div>\n<\/div><\/div><\/div>\n<\/div>\n<\/div>\n","protected":false},"excerpt":{"rendered":"<p>En komplett livscykell\u00f6sning fr\u00e5n koncept till skala V\u00e5r helt\u00e4ckande infrastruktur bygger p\u00e5 en &#8221;Concept to Scale&#8221;-modell som g\u00f6r att vi kan f\u00f6rfina varje variabel i produktionscykeln under ett och samma tak. Genom att hantera de tekniska nyanserna internt f\u00f6rvandlar vi tillverkningskomplexitet till en m\u00e4tbar konkurrensf\u00f6rdel f\u00f6r v\u00e5ra partners. Material- och receptoptimering Vi anv\u00e4nder inte bara [&hellip;]<\/p>\n","protected":false},"author":5,"featured_media":19738,"parent":11664,"menu_order":0,"comment_status":"closed","ping_status":"closed","template":"","meta":{"_acf_changed":false,"inline_featured_image":false,"footnotes":""},"class_list":["post-11709","page","type-page","status-publish","has-post-thumbnail","hentry"],"acf":[],"yoast_head":"<!-- This site is optimized with the Yoast SEO plugin v27.5 - https:\/\/yoast.com\/product\/yoast-seo-wordpress\/ -->\n<title>F\u00f6rpackningsinfrastruktur och l\u00f6sningar f\u00f6r gjuten fiber | Prototal<\/title>\n<meta name=\"description\" content=\"G\u00e5 fr\u00e5n verktyg till slutlig f\u00f6rpackningsl\u00f6sning med Prototals integrerade f\u00f6rpackningsinfrastruktur. Vi m\u00f6jligg\u00f6r \u00f6verg\u00e5ngen fr\u00e5n plast till formgjuten fiber i industriell skala.\" \/>\n<meta name=\"robots\" content=\"index, follow, max-snippet:-1, max-image-preview:large, max-video-preview:-1\" \/>\n<link rel=\"canonical\" href=\"https:\/\/prototal.info\/se\/losningar\/formpressad-fiberforpackning\/\" \/>\n<meta property=\"og:locale\" content=\"sv_SE\" \/>\n<meta property=\"og:type\" content=\"article\" \/>\n<meta property=\"og:title\" content=\"F\u00f6rpackningsinfrastruktur och l\u00f6sningar f\u00f6r gjuten fiber | Prototal\" \/>\n<meta property=\"og:description\" content=\"G\u00e5 fr\u00e5n verktyg till slutlig f\u00f6rpackningsl\u00f6sning med Prototals integrerade f\u00f6rpackningsinfrastruktur. Vi m\u00f6jligg\u00f6r \u00f6verg\u00e5ngen fr\u00e5n plast till formgjuten fiber i industriell skala.\" \/>\n<meta property=\"og:url\" content=\"https:\/\/prototal.info\/se\/losningar\/formpressad-fiberforpackning\/\" \/>\n<meta property=\"og:site_name\" content=\"Prototal\" \/>\n<meta property=\"article:modified_time\" content=\"2026-03-12T13:56:59+00:00\" \/>\n<meta name=\"twitter:card\" content=\"summary_large_image\" \/>\n<meta name=\"twitter:label1\" content=\"Ber\u00e4knad l\u00e4stid\" \/>\n\t<meta name=\"twitter:data1\" content=\"6 minuter\" \/>\n<script type=\"application\/ld+json\" class=\"yoast-schema-graph\">{\n\t    \"@context\": \"https:\\\/\\\/schema.org\",\n\t    \"@graph\": [\n\t        {\n\t            \"@type\": \"WebPage\",\n\t            \"@id\": \"https:\\\/\\\/prototal.info\\\/se\\\/losningar\\\/formpressad-fiberforpackning\\\/\",\n\t            \"url\": \"https:\\\/\\\/prototal.info\\\/se\\\/losningar\\\/formpressad-fiberforpackning\\\/\",\n\t            \"name\": \"F\u00f6rpackningsinfrastruktur och l\u00f6sningar f\u00f6r gjuten fiber | Prototal\",\n\t            \"isPartOf\": {\n\t                \"@id\": \"https:\\\/\\\/prototal.info\\\/se\\\/#website\"\n\t            },\n\t            \"primaryImageOfPage\": {\n\t                \"@id\": \"https:\\\/\\\/prototal.info\\\/se\\\/losningar\\\/formpressad-fiberforpackning\\\/#primaryimage\"\n\t            },\n\t            \"image\": {\n\t                \"@id\": \"https:\\\/\\\/prototal.info\\\/se\\\/losningar\\\/formpressad-fiberforpackning\\\/#primaryimage\"\n\t            },\n\t            \"thumbnailUrl\": \"https:\\\/\\\/prototal.info\\\/app\\\/uploads\\\/2025\\\/12\\\/molded-pulp-mjf-pa11-3.avif\",\n\t            \"datePublished\": \"2025-12-12T07:47:17+00:00\",\n\t            \"dateModified\": \"2026-03-12T13:56:59+00:00\",\n\t            \"description\": \"G\u00e5 fr\u00e5n verktyg till slutlig f\u00f6rpackningsl\u00f6sning med Prototals integrerade f\u00f6rpackningsinfrastruktur. Vi m\u00f6jligg\u00f6r \u00f6verg\u00e5ngen fr\u00e5n plast till formgjuten fiber i industriell skala.\",\n\t            \"breadcrumb\": {\n\t                \"@id\": \"https:\\\/\\\/prototal.info\\\/se\\\/losningar\\\/formpressad-fiberforpackning\\\/#breadcrumb\"\n\t            },\n\t            \"inLanguage\": \"sv-SE\",\n\t            \"potentialAction\": [\n\t                {\n\t                    \"@type\": \"ReadAction\",\n\t                    \"target\": [\n\t                        \"https:\\\/\\\/prototal.info\\\/se\\\/losningar\\\/formpressad-fiberforpackning\\\/\"\n\t                    ]\n\t                }\n\t            ]\n\t        },\n\t        {\n\t            \"@type\": \"ImageObject\",\n\t            \"inLanguage\": \"sv-SE\",\n\t            \"@id\": \"https:\\\/\\\/prototal.info\\\/se\\\/losningar\\\/formpressad-fiberforpackning\\\/#primaryimage\",\n\t            \"url\": \"https:\\\/\\\/prototal.info\\\/app\\\/uploads\\\/2025\\\/12\\\/molded-pulp-mjf-pa11-3.avif\",\n\t            \"contentUrl\": \"https:\\\/\\\/prototal.info\\\/app\\\/uploads\\\/2025\\\/12\\\/molded-pulp-mjf-pa11-3.avif\",\n\t            \"width\": 1600,\n\t            \"height\": 1200\n\t        },\n\t        {\n\t            \"@type\": \"BreadcrumbList\",\n\t            \"@id\": \"https:\\\/\\\/prototal.info\\\/se\\\/losningar\\\/formpressad-fiberforpackning\\\/#breadcrumb\",\n\t            \"itemListElement\": [\n\t                {\n\t                    \"@type\": \"ListItem\",\n\t                    \"position\": 1,\n\t                    \"name\": \"Home\",\n\t                    \"item\": \"https:\\\/\\\/prototal.info\\\/se\\\/\"\n\t                },\n\t                {\n\t                    \"@type\": \"ListItem\",\n\t                    \"position\": 2,\n\t                    \"name\": \"L\u00f6sningar\",\n\t                    \"item\": \"https:\\\/\\\/prototal.info\\\/se\\\/losningar\\\/\"\n\t                },\n\t                {\n\t                    \"@type\": \"ListItem\",\n\t                    \"position\": 3,\n\t                    \"name\": \"Formpressad Fiberf\u00f6rpackning\"\n\t                }\n\t            ]\n\t        },\n\t        {\n\t            \"@type\": \"WebSite\",\n\t            \"@id\": \"https:\\\/\\\/prototal.info\\\/se\\\/#website\",\n\t            \"url\": \"https:\\\/\\\/prototal.info\\\/se\\\/\",\n\t            \"name\": \"Prototal\",\n\t            \"description\": \"From one to one million\",\n\t            \"publisher\": {\n\t                \"@id\": \"https:\\\/\\\/prototal.info\\\/se\\\/#organization\"\n\t            },\n\t            \"potentialAction\": [\n\t                {\n\t                    \"@type\": \"SearchAction\",\n\t                    \"target\": {\n\t                        \"@type\": \"EntryPoint\",\n\t                        \"urlTemplate\": \"https:\\\/\\\/prototal.info\\\/se\\\/?s={search_term_string}\"\n\t                    },\n\t                    \"query-input\": {\n\t                        \"@type\": \"PropertyValueSpecification\",\n\t                        \"valueRequired\": true,\n\t                        \"valueName\": \"search_term_string\"\n\t                    }\n\t                }\n\t            ],\n\t            \"inLanguage\": \"sv-SE\"\n\t        },\n\t        {\n\t            \"@type\": \"Organization\",\n\t            \"@id\": \"https:\\\/\\\/prototal.info\\\/se\\\/#organization\",\n\t            \"name\": \"Prototal\",\n\t            \"url\": \"https:\\\/\\\/prototal.info\\\/se\\\/\",\n\t            \"logo\": {\n\t                \"@type\": \"ImageObject\",\n\t                \"inLanguage\": \"sv-SE\",\n\t                \"@id\": \"https:\\\/\\\/prototal.info\\\/se\\\/#\\\/schema\\\/logo\\\/image\\\/\",\n\t                \"url\": \"https:\\\/\\\/prototal.info\\\/app\\\/uploads\\\/2026\\\/03\\\/yoast-seo-default-logo.avif\",\n\t                \"contentUrl\": \"https:\\\/\\\/prototal.info\\\/app\\\/uploads\\\/2026\\\/03\\\/yoast-seo-default-logo.avif\",\n\t                \"width\": 696,\n\t                \"height\": 696,\n\t                \"caption\": \"Prototal\"\n\t            },\n\t            \"image\": {\n\t                \"@id\": \"https:\\\/\\\/prototal.info\\\/se\\\/#\\\/schema\\\/logo\\\/image\\\/\"\n\t            }\n\t        }\n\t    ]\n\t}<\/script>\n<!-- \/ Yoast SEO plugin. -->","yoast_head_json":{"title":"F\u00f6rpackningsinfrastruktur och l\u00f6sningar f\u00f6r gjuten fiber | Prototal","description":"G\u00e5 fr\u00e5n verktyg till slutlig f\u00f6rpackningsl\u00f6sning med Prototals integrerade f\u00f6rpackningsinfrastruktur. Vi m\u00f6jligg\u00f6r \u00f6verg\u00e5ngen fr\u00e5n plast till formgjuten fiber i industriell skala.","robots":{"index":"index","follow":"follow","max-snippet":"max-snippet:-1","max-image-preview":"max-image-preview:large","max-video-preview":"max-video-preview:-1"},"canonical":"https:\/\/prototal.info\/se\/losningar\/formpressad-fiberforpackning\/","og_locale":"sv_SE","og_type":"article","og_title":"F\u00f6rpackningsinfrastruktur och l\u00f6sningar f\u00f6r gjuten fiber | Prototal","og_description":"G\u00e5 fr\u00e5n verktyg till slutlig f\u00f6rpackningsl\u00f6sning med Prototals integrerade f\u00f6rpackningsinfrastruktur. Vi m\u00f6jligg\u00f6r \u00f6verg\u00e5ngen fr\u00e5n plast till formgjuten fiber i industriell skala.","og_url":"https:\/\/prototal.info\/se\/losningar\/formpressad-fiberforpackning\/","og_site_name":"Prototal","article_modified_time":"2026-03-12T13:56:59+00:00","twitter_card":"summary_large_image","twitter_misc":{"Ber\u00e4knad l\u00e4stid":"6 minuter"},"schema":{"@context":"https:\/\/schema.org","@graph":[{"@type":"WebPage","@id":"https:\/\/prototal.info\/se\/losningar\/formpressad-fiberforpackning\/","url":"https:\/\/prototal.info\/se\/losningar\/formpressad-fiberforpackning\/","name":"F\u00f6rpackningsinfrastruktur och l\u00f6sningar f\u00f6r gjuten fiber | Prototal","isPartOf":{"@id":"https:\/\/prototal.info\/se\/#website"},"primaryImageOfPage":{"@id":"https:\/\/prototal.info\/se\/losningar\/formpressad-fiberforpackning\/#primaryimage"},"image":{"@id":"https:\/\/prototal.info\/se\/losningar\/formpressad-fiberforpackning\/#primaryimage"},"thumbnailUrl":"https:\/\/prototal.info\/app\/uploads\/2025\/12\/molded-pulp-mjf-pa11-3.avif","datePublished":"2025-12-12T07:47:17+00:00","dateModified":"2026-03-12T13:56:59+00:00","description":"G\u00e5 fr\u00e5n verktyg till slutlig f\u00f6rpackningsl\u00f6sning med Prototals integrerade f\u00f6rpackningsinfrastruktur. Vi m\u00f6jligg\u00f6r \u00f6verg\u00e5ngen fr\u00e5n plast till formgjuten fiber i industriell skala.","breadcrumb":{"@id":"https:\/\/prototal.info\/se\/losningar\/formpressad-fiberforpackning\/#breadcrumb"},"inLanguage":"sv-SE","potentialAction":[{"@type":"ReadAction","target":["https:\/\/prototal.info\/se\/losningar\/formpressad-fiberforpackning\/"]}]},{"@type":"ImageObject","inLanguage":"sv-SE","@id":"https:\/\/prototal.info\/se\/losningar\/formpressad-fiberforpackning\/#primaryimage","url":"https:\/\/prototal.info\/app\/uploads\/2025\/12\/molded-pulp-mjf-pa11-3.avif","contentUrl":"https:\/\/prototal.info\/app\/uploads\/2025\/12\/molded-pulp-mjf-pa11-3.avif","width":1600,"height":1200},{"@type":"BreadcrumbList","@id":"https:\/\/prototal.info\/se\/losningar\/formpressad-fiberforpackning\/#breadcrumb","itemListElement":[{"@type":"ListItem","position":1,"name":"Home","item":"https:\/\/prototal.info\/se\/"},{"@type":"ListItem","position":2,"name":"L\u00f6sningar","item":"https:\/\/prototal.info\/se\/losningar\/"},{"@type":"ListItem","position":3,"name":"Formpressad Fiberf\u00f6rpackning"}]},{"@type":"WebSite","@id":"https:\/\/prototal.info\/se\/#website","url":"https:\/\/prototal.info\/se\/","name":"Prototal","description":"From one to one million","publisher":{"@id":"https:\/\/prototal.info\/se\/#organization"},"potentialAction":[{"@type":"SearchAction","target":{"@type":"EntryPoint","urlTemplate":"https:\/\/prototal.info\/se\/?s={search_term_string}"},"query-input":{"@type":"PropertyValueSpecification","valueRequired":true,"valueName":"search_term_string"}}],"inLanguage":"sv-SE"},{"@type":"Organization","@id":"https:\/\/prototal.info\/se\/#organization","name":"Prototal","url":"https:\/\/prototal.info\/se\/","logo":{"@type":"ImageObject","inLanguage":"sv-SE","@id":"https:\/\/prototal.info\/se\/#\/schema\/logo\/image\/","url":"https:\/\/prototal.info\/app\/uploads\/2026\/03\/yoast-seo-default-logo.avif","contentUrl":"https:\/\/prototal.info\/app\/uploads\/2026\/03\/yoast-seo-default-logo.avif","width":696,"height":696,"caption":"Prototal"},"image":{"@id":"https:\/\/prototal.info\/se\/#\/schema\/logo\/image\/"}}]}},"_links":{"self":[{"href":"https:\/\/prototal.info\/se\/wp-json\/wp\/v2\/pages\/11709","targetHints":{"allow":["GET"]}}],"collection":[{"href":"https:\/\/prototal.info\/se\/wp-json\/wp\/v2\/pages"}],"about":[{"href":"https:\/\/prototal.info\/se\/wp-json\/wp\/v2\/types\/page"}],"author":[{"embeddable":true,"href":"https:\/\/prototal.info\/se\/wp-json\/wp\/v2\/users\/5"}],"replies":[{"embeddable":true,"href":"https:\/\/prototal.info\/se\/wp-json\/wp\/v2\/comments?post=11709"}],"version-history":[{"count":2,"href":"https:\/\/prototal.info\/se\/wp-json\/wp\/v2\/pages\/11709\/revisions"}],"predecessor-version":[{"id":11715,"href":"https:\/\/prototal.info\/se\/wp-json\/wp\/v2\/pages\/11709\/revisions\/11715"}],"up":[{"embeddable":true,"href":"https:\/\/prototal.info\/se\/wp-json\/wp\/v2\/pages\/11664"}],"wp:featuredmedia":[{"embeddable":true,"href":"https:\/\/prototal.info\/se\/wp-json\/wp\/v2\/media\/19738"}],"wp:attachment":[{"href":"https:\/\/prototal.info\/se\/wp-json\/wp\/v2\/media?parent=11709"}],"curies":[{"name":"wp","href":"https:\/\/api.w.org\/{rel}","templated":true}]}}