{"id":10975,"date":"2025-12-17T10:59:13","date_gmt":"2025-12-17T09:59:13","guid":{"rendered":"https:\/\/prototal.info\/legale\/"},"modified":"2026-04-28T15:14:08","modified_gmt":"2026-04-28T13:14:08","slug":"note-legali","status":"publish","type":"page","link":"https:\/\/prototal.info\/it\/note-legali\/","title":{"rendered":"Legale"},"content":{"rendered":"\n<div class=\"wp-block-group alignfull has-light-blue-background-color has-background is-layout-constrained wp-container-core-group-is-layout-a47e864c wp-block-group-is-layout-constrained\" style=\"padding-top:var(--wp--preset--spacing--80);padding-right:var(--wp--preset--spacing--50);padding-bottom:var(--wp--preset--spacing--80);padding-left:var(--wp--preset--spacing--50)\"><div id=\"block_0554635feed1690cfe650a50ac36daa3\" class=\"prototal-subsite-hero alignwide\">\n    <div class=\"prototal-subsite-hero-inner\">\n        <div class=\"prototal-subsite-hero-left\">\n            <div class=\"acf-innerblocks-container\">\n\n<h1 class=\"wp-block-heading\" style=\"margin-top:0\">Informazioni legali<\/h1>\n\n\n\n<p>Prototal \u00e8 un marchio registrato nell&#8217;Unione Europea, in Norvegia e nel Regno Unito. Come marchio principale del Gruppo Prototal, le nostre attivit\u00e0 sono caratterizzate da una visione strategica unificata e da standard industriali condivisi.   <\/p>\n\n\n\n<p>Per garantire la conformit\u00e0 locale e l&#8217;efficienza operativa della nostra rete decentralizzata, Prototal \u00e8 costituita da sei societ\u00e0 distinte con partita IVA. Questa struttura aziendale ci permette di garantire la responsabilit\u00e0 fiscale a livello locale, mantenendo al contempo la capacit\u00e0 produttiva ad alta velocit\u00e0 di un partner di produzione leader a livello internazionale. <\/p>\n\n\n\n<ul class=\"wp-block-list\">\n<li>Prototal Sweden AB<\/li>\n\n\n\n<li>Prototal Denmark A\/S<\/li>\n\n\n\n<li>Prototal AS (Norvegia)<\/li>\n\n\n\n<li>Prototal GmbH (Austria)<\/li>\n\n\n\n<li>Prototal UK (che opera come 3T Additive Manufacturing Polymers Ltd.)<\/li>\n\n\n\n<li>PROSILAS s.r.l. (Italia)<\/li>\n<\/ul>\n\n<\/div>\n        <\/div>\n        <div class=\"prototal-subsite-hero-right\">\n                            <figure class=\"large-image\">\n                    <img loading=\"lazy\" decoding=\"async\" width=\"1600\" height=\"1200\" src=\"https:\/\/prototal.info\/app\/uploads\/2025\/12\/prototal-flag.avif\" class=\"attachment-full size-full\" alt=\"\" srcset=\"https:\/\/prototal.info\/app\/uploads\/2025\/12\/prototal-flag.avif 1600w, https:\/\/prototal.info\/app\/uploads\/2025\/12\/prototal-flag-300x225.avif 300w, https:\/\/prototal.info\/app\/uploads\/2025\/12\/prototal-flag-1024x768.avif 1024w, https:\/\/prototal.info\/app\/uploads\/2025\/12\/prototal-flag-768x576.avif 768w, https:\/\/prototal.info\/app\/uploads\/2025\/12\/prototal-flag-1536x1152.avif 1536w\" sizes=\"auto, (max-width: 1600px) 100vw, 1600px\" \/>                <\/figure>\n                                        <figure class=\"small-image\">\n                    <img loading=\"lazy\" decoding=\"async\" width=\"1600\" height=\"1200\" src=\"https:\/\/prototal.info\/app\/uploads\/2025\/12\/ogetti-74.avif\" class=\"attachment-full size-full\" alt=\"\" srcset=\"https:\/\/prototal.info\/app\/uploads\/2025\/12\/ogetti-74.avif 1600w, https:\/\/prototal.info\/app\/uploads\/2025\/12\/ogetti-74-300x225.avif 300w, https:\/\/prototal.info\/app\/uploads\/2025\/12\/ogetti-74-1024x768.avif 1024w, https:\/\/prototal.info\/app\/uploads\/2025\/12\/ogetti-74-768x576.avif 768w, https:\/\/prototal.info\/app\/uploads\/2025\/12\/ogetti-74-1536x1152.avif 1536w\" sizes=\"auto, (max-width: 1600px) 100vw, 1600px\" \/>                <\/figure>\n                    <\/div>\n    <\/div>\n<\/div>\n\n\n\n\n<div style=\"height:20px\" aria-hidden=\"true\" class=\"wp-block-spacer\"><\/div>\n\n\n\n<p class=\"has-small-font-size\">Prototal\u00ae Parte del Gruppo Prototal. Tutti i diritti riservati. I testi, le immagini, i grafici, i suoni, le animazioni, i video e le applet e la loro organizzazione su questo sito web sono soggetti a copyright e ad altre leggi di protezione. Il contenuto di questo sito web non pu\u00f2 essere copiato, diffuso, alterato o reso disponibile a terzi per scopi commerciali. Alcune pagine contengono anche immagini soggette a copyright di terzi.    <\/p>\n<\/div>\n\n<div style=\"height:168px\" aria-hidden=\"true\" class=\"wp-block-spacer\"><\/div>\n\n<div class=\"wp-block-group alignfull has-light-blue-background-color has-background is-layout-constrained wp-container-core-group-is-layout-10bc4538 wp-block-group-is-layout-constrained\" style=\"padding-top:var(--wp--preset--spacing--80);padding-right:var(--wp--preset--spacing--80);padding-bottom:var(--wp--preset--spacing--80);padding-left:var(--wp--preset--spacing--80)\">\n<h2 class=\"wp-block-heading\">Prototal Sweden AB<\/h2>\n\n\n\n<div class=\"wp-block-columns is-layout-flex wp-container-core-columns-is-layout-f5a44f5b wp-block-columns-is-layout-flex\">\n<div class=\"wp-block-column is-layout-flow wp-block-column-is-layout-flow\">\n<h3 class=\"wp-block-heading\" style=\"margin-bottom:6px;padding-bottom:0\">Amministratore delegato<\/h3>\n\n\n\n<p style=\"margin-top:0\">Jan L\u00f6fving<\/p>\n\n\n\n<h3 class=\"wp-block-heading\" style=\"margin-bottom:6px\">Indirizzo<\/h3>\n\n\n\n<p style=\"margin-top:0\">Instrumentv\u00e4gen 6<br \/>553 02 J\u00f6nk\u00f6ping<br \/>Svezia<\/p>\n\n\n\n<p>Kamaxelgatan 5<br \/>212 41 Malm\u00f6<br \/>Svezia<\/p>\n\n\n\n<p>Hantverksgatan 2<br \/>533 33 G\u00f6tene<br \/>Svezia<\/p>\n\n\n\n<p>Metallgatan 7<br \/>271 39 Ystad<br \/>Svezia<\/p>\n\n\n\n<div class=\"wp-block-buttons is-layout-flex wp-block-buttons-is-layout-flex\">\n<div class=\"wp-block-button\"><a class=\"wp-block-button__link wp-element-button\" href=\"https:\/\/prototal.info\/it\/chi-siamo\/dove-siamo\/svezia\/\">Per saperne di pi\u00f9<\/a><\/div>\n<\/div>\n<\/div>\n\n\n\n<div class=\"wp-block-column is-layout-flow wp-block-column-is-layout-flow\">\n<h3 class=\"wp-block-heading\" style=\"margin-bottom:6px\">Registro Commerciale<\/h3>\n\n\n\n<p style=\"margin-top:0\">Nome legale: Prototal Sweden AS<br \/>Forma giuridica: Aktiebolag (Societ\u00e0 a responsabilit\u00e0 limitata)<\/p>\n\n\n\n<p style=\"margin-top:0\">Autorit\u00e0 di registrazione: Bolagsverket (Ufficio svedese di registrazione delle societ\u00e0)<br \/>Numero di identificazione aziendale: SE 556015553201<br \/>Sede legale: J\u00f6nk\u00f6ping, Svezia<\/p>\n\n\n\n<h3 class=\"wp-block-heading\" style=\"margin-bottom:6px\">Informazioni di contatto<\/h3>\n\n\n\n<p style=\"margin-top:0\">info@prototal.se<br \/>+46 (0) 36-38 72 00<\/p>\n<\/div>\n<\/div>\n<\/div>\n\n<div style=\"height:200px\" aria-hidden=\"true\" class=\"wp-block-spacer\"><\/div>\n\n<div class=\"wp-block-group alignfull has-light-blue-background-color has-background is-layout-constrained wp-container-core-group-is-layout-10bc4538 wp-block-group-is-layout-constrained\" style=\"padding-top:var(--wp--preset--spacing--80);padding-right:var(--wp--preset--spacing--80);padding-bottom:var(--wp--preset--spacing--80);padding-left:var(--wp--preset--spacing--80)\">\n<h2 class=\"wp-block-heading\">Prototal AS (Norvegia)<\/h2>\n\n\n\n<div class=\"wp-block-columns is-layout-flex wp-container-core-columns-is-layout-f5a44f5b wp-block-columns-is-layout-flex\">\n<div class=\"wp-block-column is-layout-flow wp-block-column-is-layout-flow\">\n<h3 class=\"wp-block-heading\" style=\"margin-bottom:6px;padding-bottom:0\">Amministratore delegato<\/h3>\n\n\n\n<p style=\"margin-top:0\">H\u00e5gen Lynum<\/p>\n\n\n\n<h3 class=\"wp-block-heading\" style=\"margin-bottom:6px\">Indirizzo<\/h3>\n\n\n\n<p style=\"margin-top:0\">Trekanten 3<br \/>7604 Levanger<br \/>Norvegia<\/p>\n\n\n\n<div class=\"wp-block-buttons is-layout-flex wp-block-buttons-is-layout-flex\">\n<div class=\"wp-block-button\"><a class=\"wp-block-button__link wp-element-button\" href=\"https:\/\/prototal.info\/it\/chi-siamo\/dove-siamo\/norvegia\/\">Per saperne di pi\u00f9<\/a><\/div>\n<\/div>\n<\/div>\n\n\n\n<div class=\"wp-block-column is-layout-flow wp-block-column-is-layout-flow\">\n<h3 class=\"wp-block-heading\" style=\"margin-bottom:6px\">Registro Commerciale<\/h3>\n\n\n\n<p style=\"margin-top:0\">Nome legale: Prototal AS<br \/>Forma giuridica: Aksjeselskap (Societ\u00e0 a responsabilit\u00e0 limitata)<\/p>\n\n\n\n<p style=\"margin-top:0\">Autorit\u00e0 di registrazione: Foretaksregisteret (Registro norvegese delle imprese)<\/p>\n\n\n\n<p style=\"margin-top:0\">Numero di identificazione aziendale: NO 995677342<br \/>Sede legale: Levanger, Norvegia<\/p>\n\n\n\n<h3 class=\"wp-block-heading\" style=\"margin-bottom:6px\">Informazioni di contatto<\/h3>\n\n\n\n<p style=\"margin-top:0\">post@prototal.no<br \/>+47 74 09 06 00<\/p>\n<\/div>\n<\/div>\n<\/div>\n\n<div style=\"height:200px\" aria-hidden=\"true\" class=\"wp-block-spacer\"><\/div>\n\n<div class=\"wp-block-group alignfull has-light-blue-background-color has-background is-layout-constrained wp-container-core-group-is-layout-10bc4538 wp-block-group-is-layout-constrained\" style=\"padding-top:var(--wp--preset--spacing--80);padding-right:var(--wp--preset--spacing--80);padding-bottom:var(--wp--preset--spacing--80);padding-left:var(--wp--preset--spacing--80)\">\n<h2 class=\"wp-block-heading\">Prototal Denmark A\/S<\/h2>\n\n\n\n<div class=\"wp-block-columns is-layout-flex wp-container-core-columns-is-layout-f5a44f5b wp-block-columns-is-layout-flex\">\n<div class=\"wp-block-column is-layout-flow wp-block-column-is-layout-flow\">\n<h3 class=\"wp-block-heading\" style=\"margin-bottom:6px;padding-bottom:0\">Amministratore delegato<\/h3>\n\n\n\n<p style=\"margin-top:0\">Jesper Damvig<\/p>\n\n\n\n<h3 class=\"wp-block-heading\" style=\"margin-bottom:6px\">Indirizzo<\/h3>\n\n\n\n<p style=\"margin-top:0\">Kuldyssen 6B<br \/>2630 Taastrup<br \/>Danimarca<\/p>\n\n\n\n<div class=\"wp-block-buttons is-layout-flex wp-block-buttons-is-layout-flex\">\n<div class=\"wp-block-button\"><a class=\"wp-block-button__link wp-element-button\" href=\"https:\/\/prototal.info\/it\/chi-siamo\/dove-siamo\/danimarca\/\">Per saperne di pi\u00f9<\/a><\/div>\n<\/div>\n<\/div>\n\n\n\n<div class=\"wp-block-column is-layout-flow wp-block-column-is-layout-flow\">\n<h3 class=\"wp-block-heading\" style=\"margin-bottom:6px\">Registro Commerciale<\/h3>\n\n\n\n<p style=\"margin-top:0\">Nome legale: Prototal Denmark A\/S<br \/>Forma giuridica: Aktieselskab (Societ\u00e0 a responsabilit\u00e0 limitata)<br \/>Autorit\u00e0 di registrazione: Erhvervsstyrelsen (Autorit\u00e0 Commerciale Danese)<br \/>Numero di identificazione aziendale: DK 30570766<br \/>Sede legale: Taastrup, Danimarca<\/p>\n\n\n\n<h3 class=\"wp-block-heading\" style=\"margin-bottom:6px\">Informazioni di contatto<\/h3>\n\n\n\n<p style=\"margin-top:0\">3dp@prototal.dk<br \/>+45 43 99 37 36<\/p>\n<\/div>\n<\/div>\n<\/div>\n\n<div style=\"height:200px\" aria-hidden=\"true\" class=\"wp-block-spacer\"><\/div>\n\n<div class=\"wp-block-group alignfull has-light-blue-background-color has-background is-layout-constrained wp-container-core-group-is-layout-10bc4538 wp-block-group-is-layout-constrained\" style=\"padding-top:var(--wp--preset--spacing--80);padding-right:var(--wp--preset--spacing--80);padding-bottom:var(--wp--preset--spacing--80);padding-left:var(--wp--preset--spacing--80)\">\n<h2 class=\"wp-block-heading\">Prototal GmbH (Austria)<\/h2>\n\n\n\n<div class=\"wp-block-columns is-layout-flex wp-container-core-columns-is-layout-f5a44f5b wp-block-columns-is-layout-flex\">\n<div class=\"wp-block-column is-layout-flow wp-block-column-is-layout-flow\">\n<h3 class=\"wp-block-heading\" style=\"margin-bottom:6px;padding-bottom:0\">Amministratore delegato<\/h3>\n\n\n\n<p style=\"margin-top:0\">Thomas Kohler<\/p>\n\n\n\n<h3 class=\"wp-block-heading\" style=\"margin-bottom:6px\">Indirizzo<\/h3>\n\n\n\n<p style=\"margin-top:0\">F\u00e4rbergasse 15<br \/>6850 Dornbirn<br \/>Austria<\/p>\n\n\n\n<div class=\"wp-block-buttons is-layout-flex wp-block-buttons-is-layout-flex\">\n<div class=\"wp-block-button\"><a class=\"wp-block-button__link wp-element-button\" href=\"https:\/\/prototal.info\/it\/chi-siamo\/dove-siamo\/austria\/\">Per saperne di pi\u00f9<\/a><\/div>\n<\/div>\n<\/div>\n\n\n\n<div class=\"wp-block-column is-layout-flow wp-block-column-is-layout-flow\">\n<h3 class=\"wp-block-heading\" style=\"margin-bottom:6px\">Registro Commerciale<\/h3>\n\n\n\n<p style=\"margin-top:0\">Nome legale: Prototal GmbH<br \/>Forma giuridica: Gesellschaft mit beschr\u00e4nkter Haftung (Societ\u00e0 a responsabilit\u00e0 limitata)<\/p>\n\n\n\n<p style=\"margin-top:0\">Autorit\u00e0 di vigilanza: Autorit\u00e0 distrettuale di Dornbirn<br \/>Tribunale del Registro delle Imprese: Feldkirch FN 267627 w<br \/>Camera di Commercio del Vorarlberg: Associazione dei produttori di materie plastiche<\/p>\n\n\n\n<p style=\"margin-top:0\">Numero di identificazione aziendale: ATU82911789<br \/>Numero di registro commerciale: 98 417\/9523<br \/>Tribunale di registrazione: Tribunale distrettuale di Feldkirch<br \/>Autorit\u00e0 secondo la ECG (legge sul commercio elettronico): Autorit\u00e0 distrettuale di Dornbirn<br \/>Sede legale: Dornbirn, Austria<\/p>\n\n\n\n<h3 class=\"wp-block-heading\" style=\"margin-bottom:6px\">Informazioni di contatto<\/h3>\n\n\n\n<p style=\"margin-top:0\"><a href=\"mailto:info@prototal.at\">info@prototal.at<\/a><br \/><a href=\"tel:+435572529469\">+43 5572 52946-9<\/a><\/p>\n<\/div>\n<\/div>\n<\/div>\n\n<div style=\"height:200px\" aria-hidden=\"true\" class=\"wp-block-spacer\"><\/div>\n\n<div class=\"wp-block-group alignfull has-light-blue-background-color has-background is-layout-constrained wp-container-core-group-is-layout-10bc4538 wp-block-group-is-layout-constrained\" style=\"padding-top:var(--wp--preset--spacing--80);padding-right:var(--wp--preset--spacing--80);padding-bottom:var(--wp--preset--spacing--80);padding-left:var(--wp--preset--spacing--80)\">\n<h2 class=\"wp-block-heading\">PROSILAS s.r.l. (Italia)<\/h2>\n\n\n\n<div class=\"wp-block-columns is-layout-flex wp-container-core-columns-is-layout-f5a44f5b wp-block-columns-is-layout-flex\">\n<div class=\"wp-block-column is-layout-flow wp-block-column-is-layout-flow\">\n<h3 class=\"wp-block-heading\" style=\"margin-bottom:6px;padding-bottom:0\">Amministratore delegato<\/h3>\n\n\n\n<p style=\"margin-top:0\">Vanna Menco<\/p>\n\n\n\n<h3 class=\"wp-block-heading\" style=\"margin-bottom:6px\">Indirizzo<\/h3>\n\n\n\n<p style=\"margin-top:0\">Via Terracini, 14, Z. Ind. A<br \/>62012 Civitanova Marche (MC)<br \/>Italia <\/p>\n\n\n\n<div class=\"wp-block-buttons is-layout-flex wp-block-buttons-is-layout-flex\">\n<div class=\"wp-block-button\"><a class=\"wp-block-button__link wp-element-button\" href=\"https:\/\/prototal.info\/it\/chi-siamo\/dove-siamo\/italia\/\">Per saperne di pi\u00f9<\/a><\/div>\n<\/div>\n<\/div>\n\n\n\n<div class=\"wp-block-column is-layout-flow wp-block-column-is-layout-flow\">\n<h3 class=\"wp-block-heading\" style=\"margin-bottom:6px\">Registro Commerciale<\/h3>\n\n\n\n<p style=\"margin-top:0\">Nome legale: PROSILAS s.r.l.<br \/>Forma giuridica: Societ\u00e0 a Responsabilit\u00e0 Limitata (Societ\u00e0 Privata)<\/p>\n\n\n\n<p style=\"margin-top:0\">Autorit\u00e0 di registrazione: Registro delle Imprese<\/p>\n\n\n\n<p style=\"margin-top:0\">Numero REA: MC 155947<br \/>Numero di identificazione aziendale: IT 01482200431<br \/>Sede legale: Civitanova Marche, Italia<\/p>\n\n\n\n<h3 class=\"wp-block-heading\" style=\"margin-bottom:6px\">Informazioni di contatto<\/h3>\n\n\n\n<p style=\"margin-top:0\">info@prosilas.com<br \/>+39 0733 892665<\/p>\n<\/div>\n<\/div>\n<\/div>\n\n<div style=\"height:200px\" aria-hidden=\"true\" class=\"wp-block-spacer\"><\/div>\n\n<div class=\"wp-block-group alignfull has-light-blue-background-color has-background is-layout-constrained wp-container-core-group-is-layout-10bc4538 wp-block-group-is-layout-constrained\" style=\"padding-top:var(--wp--preset--spacing--80);padding-right:var(--wp--preset--spacing--80);padding-bottom:var(--wp--preset--spacing--80);padding-left:var(--wp--preset--spacing--80)\">\n<h2 class=\"wp-block-heading\">Prototal UK<\/h2>\n\n\n\n<div class=\"wp-block-columns is-layout-flex wp-container-core-columns-is-layout-f5a44f5b wp-block-columns-is-layout-flex\">\n<div class=\"wp-block-column is-layout-flow wp-block-column-is-layout-flow\">\n<h3 class=\"wp-block-heading\" style=\"margin-bottom:6px;padding-bottom:0\">Amministratore delegato<\/h3>\n\n\n\n<p style=\"margin-top:0\">Martin Nottingham<\/p>\n\n\n\n<h3 class=\"wp-block-heading\" style=\"margin-bottom:6px\">Indirizzo<\/h3>\n\n\n\n<p style=\"margin-top:0\">Unit\u00e0 14, Fulton Court, Wofford Way<br \/>Greenham Business Park<br \/>Newbury, Berkshire<br \/>RG19 6HD, UK<\/p>\n\n\n\n<div class=\"wp-block-buttons is-layout-flex wp-block-buttons-is-layout-flex\">\n<div class=\"wp-block-button\"><a class=\"wp-block-button__link wp-element-button\" href=\"https:\/\/prototal.info\/it\/chi-siamo\/dove-siamo\/regno-unito\/\">Per saperne di pi\u00f9<\/a><\/div>\n<\/div>\n<\/div>\n\n\n\n<div class=\"wp-block-column is-layout-flow wp-block-column-is-layout-flow\">\n<h3 class=\"wp-block-heading\" style=\"margin-bottom:6px\">Registro Commerciale<\/h3>\n\n\n\n<p style=\"margin-top:0\">Nome legale: 3T Additive Manufacturing Polymers Ltd.<br \/>Forma giuridica: Societ\u00e0 a responsabilit\u00e0 limitata<\/p>\n\n\n\n<p style=\"margin-top:0\">Autorit\u00e0 di registrazione: Companies House (Registro delle imprese britannico)<\/p>\n\n\n\n<p style=\"margin-top:0\">Numero di identificazione aziendale: GB 354802989<br \/>Sede legale: Newbury, Regno Unito<\/p>\n\n\n\n<h3 class=\"wp-block-heading\" style=\"margin-bottom:6px\">Informazioni di contatto<\/h3>\n\n\n\n<p style=\"margin-top:0\">info@prototaluk.com<br \/>+44 01635 635855<\/p>\n<\/div>\n<\/div>\n<\/div>\n\n<div style=\"height:200px\" aria-hidden=\"true\" class=\"wp-block-spacer\"><\/div>\n","protected":false},"excerpt":{"rendered":"<p>Prototal\u00ae Parte del Gruppo Prototal. Tutti i diritti riservati. I testi, le immagini, i grafici, i suoni, le animazioni, i video e le applet e la loro organizzazione su questo sito web sono soggetti a copyright e ad altre leggi di protezione. Il contenuto di questo sito web non pu\u00f2 essere copiato, diffuso, alterato o [&hellip;]<\/p>\n","protected":false},"author":5,"featured_media":3450,"parent":0,"menu_order":0,"comment_status":"closed","ping_status":"closed","template":"","meta":{"_acf_changed":false,"inline_featured_image":false,"footnotes":""},"class_list":["post-10975","page","type-page","status-publish","has-post-thumbnail","hentry"],"acf":[],"yoast_head":"<!-- This site is optimized with the Yoast SEO plugin v27.2 - https:\/\/yoast.com\/product\/yoast-seo-wordpress\/ -->\n<title>Informazioni legali e impronta aziendale | Prototal<\/title>\n<meta name=\"description\" content=\"Accedi alle informazioni aziendali ufficiali e alle note legali di Prototal. Visualizza i dettagli di registrazione delle nostre entit\u00e0 svedesi, norvegesi, danesi, britanniche e italiane, compresi i dati sull&#039;IVA e gli avvisi sui marchi.\" \/>\n<meta name=\"robots\" content=\"index, follow, max-snippet:-1, max-image-preview:large, max-video-preview:-1\" \/>\n<link rel=\"canonical\" href=\"https:\/\/prototal.info\/it\/note-legali\/\" \/>\n<meta property=\"og:locale\" content=\"it_IT\" \/>\n<meta property=\"og:type\" content=\"article\" \/>\n<meta property=\"og:title\" content=\"Informazioni legali e impronta aziendale | Prototal\" \/>\n<meta property=\"og:description\" content=\"Accedi alle informazioni aziendali ufficiali e alle note legali di Prototal. Visualizza i dettagli di registrazione delle nostre entit\u00e0 svedesi, norvegesi, danesi, britanniche e italiane, compresi i dati sull&#039;IVA e gli avvisi sui marchi.\" \/>\n<meta property=\"og:url\" content=\"https:\/\/prototal.info\/it\/note-legali\/\" \/>\n<meta property=\"og:site_name\" content=\"Prototal\" \/>\n<meta property=\"article:modified_time\" content=\"2026-04-28T13:14:08+00:00\" \/>\n<meta name=\"twitter:card\" content=\"summary_large_image\" \/>\n<meta name=\"twitter:label1\" content=\"Est. reading time\" \/>\n\t<meta name=\"twitter:data1\" content=\"3 minutes\" \/>\n<script type=\"application\/ld+json\" class=\"yoast-schema-graph\">{\n\t    \"@context\": \"https:\/\/schema.org\",\n\t    \"@graph\": [\n\t        {\n\t            \"@type\": \"WebPage\",\n\t            \"@id\": \"https:\/\/prototal.info\/it\/note-legali\/\",\n\t            \"url\": \"https:\/\/prototal.info\/it\/note-legali\/\",\n\t            \"name\": \"Informazioni legali e impronta aziendale | Prototal\",\n\t            \"isPartOf\": {\n\t                \"@id\": \"https:\/\/prototal.info\/it\/#website\"\n\t            },\n\t            \"primaryImageOfPage\": {\n\t                \"@id\": \"https:\/\/prototal.info\/it\/note-legali\/#primaryimage\"\n\t            },\n\t            \"image\": {\n\t                \"@id\": \"https:\/\/prototal.info\/it\/note-legali\/#primaryimage\"\n\t            },\n\t            \"thumbnailUrl\": \"https:\/\/prototal.info\/app\/uploads\/2025\/12\/prototal-flag.avif\",\n\t            \"datePublished\": \"2025-12-17T09:59:13+00:00\",\n\t            \"dateModified\": \"2026-04-28T13:14:08+00:00\",\n\t            \"description\": \"Accedi alle informazioni aziendali ufficiali e alle note legali di Prototal. Visualizza i dettagli di registrazione delle nostre entit\u00e0 svedesi, norvegesi, danesi, britanniche e italiane, compresi i dati sull'IVA e gli avvisi sui marchi.\",\n\t            \"breadcrumb\": {\n\t                \"@id\": \"https:\/\/prototal.info\/it\/note-legali\/#breadcrumb\"\n\t            },\n\t            \"inLanguage\": \"it-IT\",\n\t            \"potentialAction\": [\n\t                {\n\t                    \"@type\": \"ReadAction\",\n\t                    \"target\": [\n\t                        \"https:\/\/prototal.info\/it\/note-legali\/\"\n\t                    ]\n\t                }\n\t            ]\n\t        },\n\t        {\n\t            \"@type\": \"ImageObject\",\n\t            \"inLanguage\": \"it-IT\",\n\t            \"@id\": \"https:\/\/prototal.info\/it\/note-legali\/#primaryimage\",\n\t            \"url\": \"https:\/\/prototal.info\/app\/uploads\/2025\/12\/prototal-flag.avif\",\n\t            \"contentUrl\": \"https:\/\/prototal.info\/app\/uploads\/2025\/12\/prototal-flag.avif\",\n\t            \"width\": 1600,\n\t            \"height\": 1200\n\t        },\n\t        {\n\t            \"@type\": \"BreadcrumbList\",\n\t            \"@id\": \"https:\/\/prototal.info\/it\/note-legali\/#breadcrumb\",\n\t            \"itemListElement\": [\n\t                {\n\t                    \"@type\": \"ListItem\",\n\t                    \"position\": 1,\n\t                    \"name\": \"Home\",\n\t                    \"item\": \"https:\/\/prototal.info\/it\/\"\n\t                },\n\t                {\n\t                    \"@type\": \"ListItem\",\n\t                    \"position\": 2,\n\t                    \"name\": \"Legale\"\n\t                }\n\t            ]\n\t        },\n\t        {\n\t            \"@type\": \"WebSite\",\n\t            \"@id\": \"https:\/\/prototal.info\/it\/#website\",\n\t            \"url\": \"https:\/\/prototal.info\/it\/\",\n\t            \"name\": \"Prototal\",\n\t            \"description\": \"From one to one million\",\n\t            \"publisher\": {\n\t                \"@id\": \"https:\/\/prototal.info\/it\/#organization\"\n\t            },\n\t            \"potentialAction\": [\n\t                {\n\t                    \"@type\": \"SearchAction\",\n\t                    \"target\": {\n\t                        \"@type\": \"EntryPoint\",\n\t                        \"urlTemplate\": \"https:\/\/prototal.info\/it\/?s={search_term_string}\"\n\t                    },\n\t                    \"query-input\": {\n\t                        \"@type\": \"PropertyValueSpecification\",\n\t                        \"valueRequired\": true,\n\t                        \"valueName\": \"search_term_string\"\n\t                    }\n\t                }\n\t            ],\n\t            \"inLanguage\": \"it-IT\"\n\t        },\n\t        {\n\t            \"@type\": \"Organization\",\n\t            \"@id\": \"https:\/\/prototal.info\/it\/#organization\",\n\t            \"name\": \"Prototal\",\n\t            \"url\": \"https:\/\/prototal.info\/it\/\",\n\t            \"logo\": {\n\t                \"@type\": \"ImageObject\",\n\t                \"inLanguage\": \"it-IT\",\n\t                \"@id\": \"https:\/\/prototal.info\/it\/#\/schema\/logo\/image\/\",\n\t                \"url\": \"https:\/\/prototal.info\/app\/uploads\/2026\/03\/yoast-seo-default-logo.avif\",\n\t                \"contentUrl\": \"https:\/\/prototal.info\/app\/uploads\/2026\/03\/yoast-seo-default-logo.avif\",\n\t                \"width\": 696,\n\t                \"height\": 696,\n\t                \"caption\": \"Prototal\"\n\t            },\n\t            \"image\": {\n\t                \"@id\": \"https:\/\/prototal.info\/it\/#\/schema\/logo\/image\/\"\n\t            }\n\t        }\n\t    ]\n\t}<\/script>\n<!-- \/ Yoast SEO plugin. -->","yoast_head_json":{"title":"Informazioni legali e impronta aziendale | Prototal","description":"Accedi alle informazioni aziendali ufficiali e alle note legali di Prototal. Visualizza i dettagli di registrazione delle nostre entit\u00e0 svedesi, norvegesi, danesi, britanniche e italiane, compresi i dati sull'IVA e gli avvisi sui marchi.","robots":{"index":"index","follow":"follow","max-snippet":"max-snippet:-1","max-image-preview":"max-image-preview:large","max-video-preview":"max-video-preview:-1"},"canonical":"https:\/\/prototal.info\/it\/note-legali\/","og_locale":"it_IT","og_type":"article","og_title":"Informazioni legali e impronta aziendale | Prototal","og_description":"Accedi alle informazioni aziendali ufficiali e alle note legali di Prototal. Visualizza i dettagli di registrazione delle nostre entit\u00e0 svedesi, norvegesi, danesi, britanniche e italiane, compresi i dati sull'IVA e gli avvisi sui marchi.","og_url":"https:\/\/prototal.info\/it\/note-legali\/","og_site_name":"Prototal","article_modified_time":"2026-04-28T13:14:08+00:00","twitter_card":"summary_large_image","twitter_misc":{"Est. reading time":"3 minutes"},"schema":{"@context":"https:\/\/schema.org","@graph":[{"@type":"WebPage","@id":"https:\/\/prototal.info\/it\/note-legali\/","url":"https:\/\/prototal.info\/it\/note-legali\/","name":"Informazioni legali e impronta aziendale | Prototal","isPartOf":{"@id":"https:\/\/prototal.info\/it\/#website"},"primaryImageOfPage":{"@id":"https:\/\/prototal.info\/it\/note-legali\/#primaryimage"},"image":{"@id":"https:\/\/prototal.info\/it\/note-legali\/#primaryimage"},"thumbnailUrl":"https:\/\/prototal.info\/app\/uploads\/2025\/12\/prototal-flag.avif","datePublished":"2025-12-17T09:59:13+00:00","dateModified":"2026-04-28T13:14:08+00:00","description":"Accedi alle informazioni aziendali ufficiali e alle note legali di Prototal. Visualizza i dettagli di registrazione delle nostre entit\u00e0 svedesi, norvegesi, danesi, britanniche e italiane, compresi i dati sull'IVA e gli avvisi sui marchi.","breadcrumb":{"@id":"https:\/\/prototal.info\/it\/note-legali\/#breadcrumb"},"inLanguage":"it-IT","potentialAction":[{"@type":"ReadAction","target":["https:\/\/prototal.info\/it\/note-legali\/"]}]},{"@type":"ImageObject","inLanguage":"it-IT","@id":"https:\/\/prototal.info\/it\/note-legali\/#primaryimage","url":"https:\/\/prototal.info\/app\/uploads\/2025\/12\/prototal-flag.avif","contentUrl":"https:\/\/prototal.info\/app\/uploads\/2025\/12\/prototal-flag.avif","width":1600,"height":1200},{"@type":"BreadcrumbList","@id":"https:\/\/prototal.info\/it\/note-legali\/#breadcrumb","itemListElement":[{"@type":"ListItem","position":1,"name":"Home","item":"https:\/\/prototal.info\/it\/"},{"@type":"ListItem","position":2,"name":"Legale"}]},{"@type":"WebSite","@id":"https:\/\/prototal.info\/it\/#website","url":"https:\/\/prototal.info\/it\/","name":"Prototal","description":"From one to one million","publisher":{"@id":"https:\/\/prototal.info\/it\/#organization"},"potentialAction":[{"@type":"SearchAction","target":{"@type":"EntryPoint","urlTemplate":"https:\/\/prototal.info\/it\/?s={search_term_string}"},"query-input":{"@type":"PropertyValueSpecification","valueRequired":true,"valueName":"search_term_string"}}],"inLanguage":"it-IT"},{"@type":"Organization","@id":"https:\/\/prototal.info\/it\/#organization","name":"Prototal","url":"https:\/\/prototal.info\/it\/","logo":{"@type":"ImageObject","inLanguage":"it-IT","@id":"https:\/\/prototal.info\/it\/#\/schema\/logo\/image\/","url":"https:\/\/prototal.info\/app\/uploads\/2026\/03\/yoast-seo-default-logo.avif","contentUrl":"https:\/\/prototal.info\/app\/uploads\/2026\/03\/yoast-seo-default-logo.avif","width":696,"height":696,"caption":"Prototal"},"image":{"@id":"https:\/\/prototal.info\/it\/#\/schema\/logo\/image\/"}}]}},"_links":{"self":[{"href":"https:\/\/prototal.info\/it\/wp-json\/wp\/v2\/pages\/10975","targetHints":{"allow":["GET"]}}],"collection":[{"href":"https:\/\/prototal.info\/it\/wp-json\/wp\/v2\/pages"}],"about":[{"href":"https:\/\/prototal.info\/it\/wp-json\/wp\/v2\/types\/page"}],"author":[{"embeddable":true,"href":"https:\/\/prototal.info\/it\/wp-json\/wp\/v2\/users\/5"}],"replies":[{"embeddable":true,"href":"https:\/\/prototal.info\/it\/wp-json\/wp\/v2\/comments?post=10975"}],"version-history":[{"count":7,"href":"https:\/\/prototal.info\/it\/wp-json\/wp\/v2\/pages\/10975\/revisions"}],"predecessor-version":[{"id":14409,"href":"https:\/\/prototal.info\/it\/wp-json\/wp\/v2\/pages\/10975\/revisions\/14409"}],"wp:featuredmedia":[{"embeddable":true,"href":"https:\/\/prototal.info\/it\/wp-json\/wp\/v2\/media\/3450"}],"wp:attachment":[{"href":"https:\/\/prototal.info\/it\/wp-json\/wp\/v2\/media?parent=10975"}],"curies":[{"name":"wp","href":"https:\/\/api.w.org\/{rel}","templated":true}]}}