{"id":20023,"date":"2025-12-05T13:48:02","date_gmt":"2025-12-05T12:48:02","guid":{"rendered":"https:\/\/prototal.info\/barrierefreiheit\/"},"modified":"2025-12-05T13:48:02","modified_gmt":"2025-12-05T12:48:02","slug":"barrierefreiheit","status":"publish","type":"page","link":"https:\/\/prototal.info\/ch\/barrierefreiheit\/","title":{"rendered":"Barrierefreiheit"},"content":{"rendered":"<div id=\"block_cd8e31603fca84d5249dc8d6e50f04c8\" class=\"prototal-hero-entrance alignfull\">\n    <div class=\"left-block-background\" style=\"background:#f5fbff;\"><\/div>\n    <div class=\"inside\">\n                    <figure>\n                <img loading=\"lazy\" decoding=\"async\" width=\"1600\" height=\"1200\" src=\"https:\/\/prototal.info\/app\/uploads\/2025\/12\/accessibility-hero.avif\" class=\"attachment-full size-full\" alt=\"\" srcset=\"https:\/\/prototal.info\/app\/uploads\/2025\/12\/accessibility-hero.avif 1600w, https:\/\/prototal.info\/app\/uploads\/2025\/12\/accessibility-hero-300x225.avif 300w, https:\/\/prototal.info\/app\/uploads\/2025\/12\/accessibility-hero-1024x768.avif 1024w, https:\/\/prototal.info\/app\/uploads\/2025\/12\/accessibility-hero-768x576.avif 768w, https:\/\/prototal.info\/app\/uploads\/2025\/12\/accessibility-hero-1536x1152.avif 1536w\" sizes=\"auto, (max-width: 1600px) 100vw, 1600px\" \/>            <\/figure>\n                <div class=\"innerblocks\">\n            <div class=\"acf-innerblocks-container\">\n\n<p class=\"has-dark-blue-color has-text-color has-link-color wp-elements-a520f7ba2f9b6c39aefb4e6586424ab1\" style=\"font-size:20px;font-style:normal;font-weight:300\">BARRIEREFREIHEIT<\/p>\n\n\n\n<h2 class=\"wp-block-heading has-dark-blue-color has-text-color has-link-color wp-elements-27e1492d755fa909dce9317298d229e0\" id=\"headline-108-1829\" style=\"font-size:38px\">Digitaler Zugang ohne Barrieren<\/h2>\n\n\n\n<p>Mit unserer Website verfolgen wir das Ziel, allen Nutzer:innen ein barrierefreies Nutzungserlebnis zu bieten \u2013 einschlie\u00dflich Personen mit visuellen, auditiven, motorischen oder kognitiven Einschr\u00e4nkungen.<\/p>\n\n<\/div>        <\/div>\n    <\/div>\n<\/div>\n\n<div class=\"wp-block-group is-content-justification-center is-layout-constrained wp-container-core-group-is-layout-da99a3d4 wp-block-group-is-layout-constrained\">\n<p class=\"has-small-font-size\"><em>Diese Erkl\u00e4rung zur Barrierefreiheit wurde zuletzt am 1. Dezember 2025 aktualisiert.<\/em><\/p>\n\n\n\n<p>Unser Ziel ist es, die Web Content Accessibility Guidelines (WCAG) 2.1 auf Level AA einzuhalten \u2013 den anerkannten Standard f\u00fcr barrierefreie Webinhalte. Wir arbeiten kontinuierlich daran sicherzustellen, dass unsere digitalen Angebote diesen Richtlinien entsprechen und f\u00fcr alle Besucher:innen uneingeschr\u00e4nkt nutzbar sind. <\/p>\n\n\n\n<h3 class=\"wp-block-heading\">Barrierefreiheitsfunktionen<\/h3>\n\n\n\n<p>Zu den auf unserer Website verf\u00fcgbaren Barrierefreiheitsfunktionen geh\u00f6ren:<\/p>\n\n\n\n<ul class=\"wp-block-list\">\n<li>Tastaturfreundliche Navigation<\/li>\n\n\n\n<li>Kompatibilit\u00e4t mit Bildschirmleseger\u00e4ten<\/li>\n\n\n\n<li>Optionen zur Textgr\u00f6\u00dfenanpassung<\/li>\n\n\n\n<li>Klares und einheitliches Layout und Struktur<\/li>\n\n\n\n<li>Untertitel und Transkripte f\u00fcr Multimedia-Inhalte<\/li>\n<\/ul>\n\n\n\n<h3 class=\"wp-block-heading\">Einschr\u00e4nkungen<\/h3>\n\n\n\n<p>Obwohl wir nach vollst\u00e4ndiger Barrierefreiheit streben, erf\u00fcllen einige Inhalte oder Funktionen derzeit m\u00f6glicherweise noch nicht alle Anforderungen der WCAG 2.1 Level AA. Wir arbeiten kontinuierlich daran, diese Bereiche zu optimieren. <\/p>\n\n\n\n<h3 class=\"wp-block-heading\">Feedback<\/h3>\n\n\n\n<p>Wir begr\u00fc\u00dfen Ihr Feedback zur Barrierefreiheit unserer Website. Sollten Sie auf Hindernisse sto\u00dfen oder Verbesserungsvorschl\u00e4ge haben, kontaktieren Sie uns bitte unter <a href=\"mailto:accessibility@prototalgroup.com\">accessibility@prototalgroup.com<\/a> <\/p>\n\n\n\n<p>Wir bem\u00fchen uns, zeitnah zu antworten und Ihnen bei Bedarf einen alternativen Zugang zu allen ben\u00f6tigten Inhalten bereitzustellen.<\/p>\n<\/div>\n","protected":false},"excerpt":{"rendered":"<p>Diese Erkl\u00e4rung zur Barrierefreiheit wurde zuletzt am 1. Dezember 2025 aktualisiert. Unser Ziel ist es, die Web Content Accessibility Guidelines (WCAG) 2.1 auf Level AA einzuhalten \u2013 den anerkannten Standard f\u00fcr barrierefreie Webinhalte. Wir arbeiten kontinuierlich daran sicherzustellen, dass unsere digitalen Angebote diesen Richtlinien entsprechen und f\u00fcr alle Besucher:innen uneingeschr\u00e4nkt nutzbar sind. Barrierefreiheitsfunktionen Zu den [&hellip;]<\/p>\n","protected":false},"author":5,"featured_media":20024,"parent":0,"menu_order":0,"comment_status":"closed","ping_status":"closed","template":"","meta":{"_acf_changed":false,"inline_featured_image":false,"footnotes":""},"class_list":["post-20023","page","type-page","status-publish","has-post-thumbnail","hentry"],"acf":[],"yoast_head":"<!-- This site is optimized with the Yoast SEO plugin v27.5 - https:\/\/yoast.com\/product\/yoast-seo-wordpress\/ -->\n<title>Barrierefreiheit | Prototal<\/title>\n<meta name=\"robots\" content=\"index, follow, max-snippet:-1, max-image-preview:large, max-video-preview:-1\" \/>\n<link rel=\"canonical\" href=\"https:\/\/prototal.info\/ch\/barrierefreiheit\/\" \/>\n<meta property=\"og:locale\" content=\"de_DE\" \/>\n<meta property=\"og:type\" content=\"article\" \/>\n<meta property=\"og:title\" content=\"Barrierefreiheit | Prototal\" \/>\n<meta property=\"og:description\" content=\"Diese Erkl\u00e4rung zur Barrierefreiheit wurde zuletzt am 1. Dezember 2025 aktualisiert. Unser Ziel ist es, die Web Content Accessibility Guidelines (WCAG) 2.1 auf Level AA einzuhalten \u2013 den anerkannten Standard f\u00fcr barrierefreie Webinhalte. Wir arbeiten kontinuierlich daran sicherzustellen, dass unsere digitalen Angebote diesen Richtlinien entsprechen und f\u00fcr alle Besucher:innen uneingeschr\u00e4nkt nutzbar sind. Barrierefreiheitsfunktionen Zu den [&hellip;]\" \/>\n<meta property=\"og:url\" content=\"https:\/\/prototal.info\/ch\/barrierefreiheit\/\" \/>\n<meta property=\"og:site_name\" content=\"Prototal\" \/>\n<meta name=\"twitter:card\" content=\"summary_large_image\" \/>\n<meta name=\"twitter:label1\" content=\"Est. reading time\" \/>\n\t<meta name=\"twitter:data1\" content=\"1 minute\" \/>\n<script type=\"application\/ld+json\" class=\"yoast-schema-graph\">{\n\t    \"@context\": \"https:\\\/\\\/schema.org\",\n\t    \"@graph\": [\n\t        {\n\t            \"@type\": \"WebPage\",\n\t            \"@id\": \"https:\\\/\\\/prototal.info\\\/ch\\\/barrierefreiheit\\\/\",\n\t            \"url\": \"https:\\\/\\\/prototal.info\\\/ch\\\/barrierefreiheit\\\/\",\n\t            \"name\": \"Barrierefreiheit | Prototal\",\n\t            \"isPartOf\": {\n\t                \"@id\": \"https:\\\/\\\/prototal.info\\\/ch\\\/#website\"\n\t            },\n\t            \"primaryImageOfPage\": {\n\t                \"@id\": \"https:\\\/\\\/prototal.info\\\/ch\\\/barrierefreiheit\\\/#primaryimage\"\n\t            },\n\t            \"image\": {\n\t                \"@id\": \"https:\\\/\\\/prototal.info\\\/ch\\\/barrierefreiheit\\\/#primaryimage\"\n\t            },\n\t            \"thumbnailUrl\": \"https:\\\/\\\/prototal.info\\\/app\\\/uploads\\\/2025\\\/12\\\/accessibility-hero.avif\",\n\t            \"datePublished\": \"2025-12-05T12:48:02+00:00\",\n\t            \"breadcrumb\": {\n\t                \"@id\": \"https:\\\/\\\/prototal.info\\\/ch\\\/barrierefreiheit\\\/#breadcrumb\"\n\t            },\n\t            \"inLanguage\": \"de-CH\",\n\t            \"potentialAction\": [\n\t                {\n\t                    \"@type\": \"ReadAction\",\n\t                    \"target\": [\n\t                        \"https:\\\/\\\/prototal.info\\\/ch\\\/barrierefreiheit\\\/\"\n\t                    ]\n\t                }\n\t            ]\n\t        },\n\t        {\n\t            \"@type\": \"ImageObject\",\n\t            \"inLanguage\": \"de-CH\",\n\t            \"@id\": \"https:\\\/\\\/prototal.info\\\/ch\\\/barrierefreiheit\\\/#primaryimage\",\n\t            \"url\": \"https:\\\/\\\/prototal.info\\\/app\\\/uploads\\\/2025\\\/12\\\/accessibility-hero.avif\",\n\t            \"contentUrl\": \"https:\\\/\\\/prototal.info\\\/app\\\/uploads\\\/2025\\\/12\\\/accessibility-hero.avif\",\n\t            \"width\": 1600,\n\t            \"height\": 1200\n\t        },\n\t        {\n\t            \"@type\": \"BreadcrumbList\",\n\t            \"@id\": \"https:\\\/\\\/prototal.info\\\/ch\\\/barrierefreiheit\\\/#breadcrumb\",\n\t            \"itemListElement\": [\n\t                {\n\t                    \"@type\": \"ListItem\",\n\t                    \"position\": 1,\n\t                    \"name\": \"Home\",\n\t                    \"item\": \"https:\\\/\\\/prototal.info\\\/ch\\\/\"\n\t                },\n\t                {\n\t                    \"@type\": \"ListItem\",\n\t                    \"position\": 2,\n\t                    \"name\": \"Barrierefreiheit\"\n\t                }\n\t            ]\n\t        },\n\t        {\n\t            \"@type\": \"WebSite\",\n\t            \"@id\": \"https:\\\/\\\/prototal.info\\\/ch\\\/#website\",\n\t            \"url\": \"https:\\\/\\\/prototal.info\\\/ch\\\/\",\n\t            \"name\": \"Prototal\",\n\t            \"description\": \"From one to one million\",\n\t            \"publisher\": {\n\t                \"@id\": \"https:\\\/\\\/prototal.info\\\/ch\\\/#organization\"\n\t            },\n\t            \"potentialAction\": [\n\t                {\n\t                    \"@type\": \"SearchAction\",\n\t                    \"target\": {\n\t                        \"@type\": \"EntryPoint\",\n\t                        \"urlTemplate\": \"https:\\\/\\\/prototal.info\\\/ch\\\/?s={search_term_string}\"\n\t                    },\n\t                    \"query-input\": {\n\t                        \"@type\": \"PropertyValueSpecification\",\n\t                        \"valueRequired\": true,\n\t                        \"valueName\": \"search_term_string\"\n\t                    }\n\t                }\n\t            ],\n\t            \"inLanguage\": \"de-CH\"\n\t        },\n\t        {\n\t            \"@type\": \"Organization\",\n\t            \"@id\": \"https:\\\/\\\/prototal.info\\\/ch\\\/#organization\",\n\t            \"name\": \"Prototal\",\n\t            \"url\": \"https:\\\/\\\/prototal.info\\\/ch\\\/\",\n\t            \"logo\": {\n\t                \"@type\": \"ImageObject\",\n\t                \"inLanguage\": \"de-CH\",\n\t                \"@id\": \"https:\\\/\\\/prototal.info\\\/ch\\\/#\\\/schema\\\/logo\\\/image\\\/\",\n\t                \"url\": \"https:\\\/\\\/prototal.info\\\/app\\\/uploads\\\/2026\\\/03\\\/yoast-seo-default-logo.avif\",\n\t                \"contentUrl\": \"https:\\\/\\\/prototal.info\\\/app\\\/uploads\\\/2026\\\/03\\\/yoast-seo-default-logo.avif\",\n\t                \"width\": 696,\n\t                \"height\": 696,\n\t                \"caption\": \"Prototal\"\n\t            },\n\t            \"image\": {\n\t                \"@id\": \"https:\\\/\\\/prototal.info\\\/ch\\\/#\\\/schema\\\/logo\\\/image\\\/\"\n\t            }\n\t        }\n\t    ]\n\t}<\/script>\n<!-- \/ Yoast SEO plugin. -->","yoast_head_json":{"title":"Barrierefreiheit | Prototal","robots":{"index":"index","follow":"follow","max-snippet":"max-snippet:-1","max-image-preview":"max-image-preview:large","max-video-preview":"max-video-preview:-1"},"canonical":"https:\/\/prototal.info\/ch\/barrierefreiheit\/","og_locale":"de_DE","og_type":"article","og_title":"Barrierefreiheit | Prototal","og_description":"Diese Erkl\u00e4rung zur Barrierefreiheit wurde zuletzt am 1. Dezember 2025 aktualisiert. Unser Ziel ist es, die Web Content Accessibility Guidelines (WCAG) 2.1 auf Level AA einzuhalten \u2013 den anerkannten Standard f\u00fcr barrierefreie Webinhalte. Wir arbeiten kontinuierlich daran sicherzustellen, dass unsere digitalen Angebote diesen Richtlinien entsprechen und f\u00fcr alle Besucher:innen uneingeschr\u00e4nkt nutzbar sind. Barrierefreiheitsfunktionen Zu den [&hellip;]","og_url":"https:\/\/prototal.info\/ch\/barrierefreiheit\/","og_site_name":"Prototal","twitter_card":"summary_large_image","twitter_misc":{"Est. reading time":"1 minute"},"schema":{"@context":"https:\/\/schema.org","@graph":[{"@type":"WebPage","@id":"https:\/\/prototal.info\/ch\/barrierefreiheit\/","url":"https:\/\/prototal.info\/ch\/barrierefreiheit\/","name":"Barrierefreiheit | Prototal","isPartOf":{"@id":"https:\/\/prototal.info\/ch\/#website"},"primaryImageOfPage":{"@id":"https:\/\/prototal.info\/ch\/barrierefreiheit\/#primaryimage"},"image":{"@id":"https:\/\/prototal.info\/ch\/barrierefreiheit\/#primaryimage"},"thumbnailUrl":"https:\/\/prototal.info\/app\/uploads\/2025\/12\/accessibility-hero.avif","datePublished":"2025-12-05T12:48:02+00:00","breadcrumb":{"@id":"https:\/\/prototal.info\/ch\/barrierefreiheit\/#breadcrumb"},"inLanguage":"de-CH","potentialAction":[{"@type":"ReadAction","target":["https:\/\/prototal.info\/ch\/barrierefreiheit\/"]}]},{"@type":"ImageObject","inLanguage":"de-CH","@id":"https:\/\/prototal.info\/ch\/barrierefreiheit\/#primaryimage","url":"https:\/\/prototal.info\/app\/uploads\/2025\/12\/accessibility-hero.avif","contentUrl":"https:\/\/prototal.info\/app\/uploads\/2025\/12\/accessibility-hero.avif","width":1600,"height":1200},{"@type":"BreadcrumbList","@id":"https:\/\/prototal.info\/ch\/barrierefreiheit\/#breadcrumb","itemListElement":[{"@type":"ListItem","position":1,"name":"Home","item":"https:\/\/prototal.info\/ch\/"},{"@type":"ListItem","position":2,"name":"Barrierefreiheit"}]},{"@type":"WebSite","@id":"https:\/\/prototal.info\/ch\/#website","url":"https:\/\/prototal.info\/ch\/","name":"Prototal","description":"From one to one million","publisher":{"@id":"https:\/\/prototal.info\/ch\/#organization"},"potentialAction":[{"@type":"SearchAction","target":{"@type":"EntryPoint","urlTemplate":"https:\/\/prototal.info\/ch\/?s={search_term_string}"},"query-input":{"@type":"PropertyValueSpecification","valueRequired":true,"valueName":"search_term_string"}}],"inLanguage":"de-CH"},{"@type":"Organization","@id":"https:\/\/prototal.info\/ch\/#organization","name":"Prototal","url":"https:\/\/prototal.info\/ch\/","logo":{"@type":"ImageObject","inLanguage":"de-CH","@id":"https:\/\/prototal.info\/ch\/#\/schema\/logo\/image\/","url":"https:\/\/prototal.info\/app\/uploads\/2026\/03\/yoast-seo-default-logo.avif","contentUrl":"https:\/\/prototal.info\/app\/uploads\/2026\/03\/yoast-seo-default-logo.avif","width":696,"height":696,"caption":"Prototal"},"image":{"@id":"https:\/\/prototal.info\/ch\/#\/schema\/logo\/image\/"}}]}},"_links":{"self":[{"href":"https:\/\/prototal.info\/ch\/wp-json\/wp\/v2\/pages\/20023","targetHints":{"allow":["GET"]}}],"collection":[{"href":"https:\/\/prototal.info\/ch\/wp-json\/wp\/v2\/pages"}],"about":[{"href":"https:\/\/prototal.info\/ch\/wp-json\/wp\/v2\/types\/page"}],"author":[{"embeddable":true,"href":"https:\/\/prototal.info\/ch\/wp-json\/wp\/v2\/users\/5"}],"replies":[{"embeddable":true,"href":"https:\/\/prototal.info\/ch\/wp-json\/wp\/v2\/comments?post=20023"}],"version-history":[{"count":0,"href":"https:\/\/prototal.info\/ch\/wp-json\/wp\/v2\/pages\/20023\/revisions"}],"wp:featuredmedia":[{"embeddable":true,"href":"https:\/\/prototal.info\/ch\/wp-json\/wp\/v2\/media\/20024"}],"wp:attachment":[{"href":"https:\/\/prototal.info\/ch\/wp-json\/wp\/v2\/media?parent=20023"}],"curies":[{"name":"wp","href":"https:\/\/api.w.org\/{rel}","templated":true}]}}